{"id":8402,"date":"2023-05-25T09:59:32","date_gmt":"2023-05-25T09:59:32","guid":{"rendered":"https:\/\/www.victoriakliniken.com\/?page_id=8402"},"modified":"2026-01-12T12:44:23","modified_gmt":"2026-01-12T12:44:23","slug":"facelift","status":"publish","type":"page","link":"https:\/\/www.victoriakliniken.com\/en\/facelift\/","title":{"rendered":"Facelift"},"content":{"rendered":"<p>[et_pb_section fb_built=&#8221;1&#8243; specialty=&#8221;on&#8221; custom_padding_last_edited=&#8221;on|desktop&#8221; background_color_1=&#8221;RGBA(255,255,255,0)&#8221; background_color_2=&#8221;RGBA(255,255,255,0)&#8221; padding_top_1=&#8221;0px&#8221; padding_top_2=&#8221;0px&#8221; padding_bottom_1=&#8221;0px&#8221; padding_bottom_2=&#8221;0px&#8221; padding_top_bottom_link_1=&#8221;false&#8221; padding_top_bottom_link_2=&#8221;false&#8221; padding_left_right_link_1=&#8221;false&#8221; padding_left_right_link_2=&#8221;false&#8221; admin_label=&#8221;Section&#8221; _builder_version=&#8221;4.22.2&#8243; _module_preset=&#8221;default&#8221; background_color=&#8221;#f6f4ef&#8221; custom_margin=&#8221;0px||0px||false|false&#8221; custom_padding=&#8221;4rem||4rem||false|false&#8221; custom_padding_tablet=&#8221;0rem||||false|false&#8221; custom_padding_phone=&#8221;0rem||||false|false&#8221; da_disable_devices=&#8221;off|off|off&#8221; global_colors_info=&#8221;{}&#8221; da_is_popup=&#8221;off&#8221; da_exit_intent=&#8221;off&#8221; da_has_close=&#8221;on&#8221; da_alt_close=&#8221;off&#8221; da_dark_close=&#8221;off&#8221; da_not_modal=&#8221;on&#8221; da_is_singular=&#8221;off&#8221; da_with_loader=&#8221;off&#8221; da_has_shadow=&#8221;on&#8221;][et_pb_column type=&#8221;1_2&#8243; specialty_columns=&#8221;2&#8243; _builder_version=&#8221;4.16&#8243; custom_padding=&#8221;|||&#8221; global_colors_info=&#8221;{}&#8221; custom_padding__hover=&#8221;|||&#8221;][et_pb_row_inner module_class=&#8221;pa-inline-buttons&#8221; _builder_version=&#8221;4.22.2&#8243; _module_preset=&#8221;default&#8221; custom_padding=&#8221;3px||2px|||&#8221; global_colors_info=&#8221;{}&#8221;][et_pb_column_inner saved_specialty_column_type=&#8221;1_2&#8243; _builder_version=&#8221;4.22.2&#8243; _module_preset=&#8221;default&#8221; global_colors_info=&#8221;{}&#8221;][et_pb_text _builder_version=&#8221;4.23.1&#8243; _module_preset=&#8221;default&#8221; header_text_color=&#8221;#000000&#8243; header_font_size=&#8221;3.5rem&#8221; max_width=&#8221;100%&#8221; max_width_tablet=&#8221;100%&#8221; max_width_phone=&#8221;100%&#8221; max_width_last_edited=&#8221;on|desktop&#8221; custom_padding=&#8221;5rem||||false|false&#8221; custom_padding_tablet=&#8221;4rem||||false|false&#8221; custom_padding_phone=&#8221;3rem||||false|false&#8221; custom_padding_last_edited=&#8221;on|desktop&#8221; header_font_size_tablet=&#8221;3.5rem&#8221; header_font_size_phone=&#8221;2.8rem&#8221; header_font_size_last_edited=&#8221;on|desktop&#8221; global_colors_info=&#8221;{}&#8221;]<\/p>\n<h1>Facelift<\/h1>\n<p>[\/et_pb_text][et_pb_text _builder_version=&#8221;4.27.4&#8243; _module_preset=&#8221;default&#8221; text_font=&#8221;|300|||||||&#8221; text_text_color=&#8221;#000000&#8243; text_font_size=&#8221;1.2rem&#8221; text_line_height=&#8221;1.8rem&#8221; width=&#8221;100%&#8221; width_tablet=&#8221;&#8221; width_phone=&#8221;100%&#8221; width_last_edited=&#8221;on|desktop&#8221; max_width=&#8221;100%&#8221; max_width_tablet=&#8221;100%&#8221; max_width_phone=&#8221;100%&#8221; max_width_last_edited=&#8221;on|desktop&#8221; hover_enabled=&#8221;0&#8243; text_font_size_tablet=&#8221;1.2rem&#8221; text_font_size_phone=&#8221;1rem&#8221; text_font_size_last_edited=&#8221;on|desktop&#8221; global_colors_info=&#8221;{}&#8221; sticky_enabled=&#8221;0&#8243;]<\/p>\n<p>A facelift restores a younger, more defined neck and jawline. The procedure has become common for both men and women, with most patients aged 40 to 65. However, facelifts can also be performed on older individuals with excellent results.  <\/p>\n<p><span data-olk-copy-source=\"MessageBody\">All surgical procedures carry some degree of risk. Results are individual and may vary from person to person. During your consultation, you\u2019ll receive comprehensive information about the treatment, including any potential risks.   <a href=\"https:\/\/www.victoriakliniken.com\/en\/faq\/\">Learn more.<\/a><\/span><\/p>\n<p>[\/et_pb_text][et_pb_button button_url=&#8221;#booking&#8221; button_text=&#8221;Book now&#8221; _builder_version=&#8221;4.27.4&#8243; _module_preset=&#8221;default&#8221; custom_button=&#8221;on&#8221; button_text_size=&#8221;1rem&#8221; button_text_color=&#8221;#000000&#8243; button_bg_color=&#8221;#e2dac7&#8243; button_border_width=&#8221;0px&#8221; button_border_color=&#8221;#383838&#8243; button_border_radius=&#8221;1px&#8221; button_font=&#8221;|300||on|||||&#8221; custom_margin=&#8221;||||false|false&#8221; custom_margin_tablet=&#8221;|20px|||false|false&#8221; custom_margin_phone=&#8221;|0px|||false|false&#8221; custom_margin_last_edited=&#8221;on|desktop&#8221; custom_padding=&#8221;||||false|false&#8221; button_text_size_tablet=&#8221;1rem&#8221; button_text_size_phone=&#8221;0.9rem&#8221; button_text_size_last_edited=&#8221;on|desktop&#8221; custom_css_before=&#8221;display: flex;&#8221; global_colors_info=&#8221;{}&#8221; custom_css_before_last_edited=&#8221;on|desktop&#8221; custom_css_before_tablet=&#8221;display: flex;&#8221; custom_css_before_phone=&#8221;display: flex;&#8221;][\/et_pb_button][et_pb_button button_url=&#8221;https:\/\/www.victoriakliniken.com\/en\/before-and-after-pictures\/?v%C3%A4lj+behandling=ansiktslyft&#8221; url_new_window=&#8221;on&#8221; button_text=&#8221;Before and after pictures&#8221; _builder_version=&#8221;4.27.4&#8243; _module_preset=&#8221;default&#8221; custom_button=&#8221;on&#8221; button_text_size=&#8221;1rem&#8221; button_text_color=&#8221;#000000&#8243; button_bg_color=&#8221;#e2dac7&#8243; button_border_width=&#8221;0px&#8221; button_border_color=&#8221;#383838&#8243; button_border_radius=&#8221;1px&#8221; button_font=&#8221;|300||on|||||&#8221; custom_margin=&#8221;|||1rem|false|false&#8221; custom_margin_tablet=&#8221;|||0.5rem|false|false&#8221; custom_margin_phone=&#8221;|||0.5rem|false|false&#8221; custom_margin_last_edited=&#8221;on|desktop&#8221; custom_padding=&#8221;|||0.8rem|false|false&#8221; button_text_size_tablet=&#8221;1rem&#8221; button_text_size_phone=&#8221;0.9rem&#8221; button_text_size_last_edited=&#8221;on|desktop&#8221; custom_css_before=&#8221;display: flex;&#8221; global_colors_info=&#8221;{}&#8221;][\/et_pb_button][\/et_pb_column_inner][\/et_pb_row_inner][\/et_pb_column][et_pb_column type=&#8221;1_2&#8243; _builder_version=&#8221;4.16&#8243; custom_padding=&#8221;|||&#8221; global_colors_info=&#8221;{}&#8221; custom_padding__hover=&#8221;|||&#8221;][et_pb_image src=&#8221;https:\/\/www.victoriakliniken.com\/wp-content\/uploads\/2024\/11\/bith.jpg&#8221; alt=&#8221;Victoriakliniken_facelift-931&#215;1024&#8243; title_text=&#8221;bith&#8221; align=&#8221;center&#8221; align_tablet=&#8221;left&#8221; align_phone=&#8221;center&#8221; align_last_edited=&#8221;on|desktop&#8221; _builder_version=&#8221;4.27.4&#8243; _module_preset=&#8221;default&#8221; background_color=&#8221;#000000&#8243; z_index=&#8221;5&#8243; max_width=&#8221;84%&#8221; max_width_tablet=&#8221;46%&#8221; max_width_phone=&#8221;100%&#8221; max_width_last_edited=&#8221;on|desktop&#8221; border_color_all=&#8221;#D3C4AD&#8221; box_shadow_style=&#8221;preset5&#8243; box_shadow_horizontal=&#8221;19px&#8221; box_shadow_vertical=&#8221;16px&#8221; box_shadow_spread=&#8221;7px&#8221; box_shadow_color=&#8221;#e2dac7&#8243; box_shadow_spread_tablet=&#8221;7px&#8221; box_shadow_spread_phone=&#8221;4px&#8221; box_shadow_spread_last_edited=&#8221;on|desktop&#8221; global_colors_info=&#8221;{}&#8221;][\/et_pb_image][\/et_pb_column][\/et_pb_section][et_pb_section fb_built=&#8221;1&#8243; custom_padding_last_edited=&#8221;on|desktop&#8221; admin_label=&#8221;Section&#8221; _builder_version=&#8221;4.21.0&#8243; _module_preset=&#8221;default&#8221; custom_padding=&#8221;4rem||0rem||false|false&#8221; custom_padding_tablet=&#8221;5rem||0rem||false|false&#8221; custom_padding_phone=&#8221;3rem||0rem||false|false&#8221; da_disable_devices=&#8221;off|off|off&#8221; global_colors_info=&#8221;{}&#8221; da_is_popup=&#8221;off&#8221; da_exit_intent=&#8221;off&#8221; da_has_close=&#8221;on&#8221; da_alt_close=&#8221;off&#8221; da_dark_close=&#8221;off&#8221; da_not_modal=&#8221;on&#8221; da_is_singular=&#8221;off&#8221; da_with_loader=&#8221;off&#8221; da_has_shadow=&#8221;on&#8221;][et_pb_row _builder_version=&#8221;4.21.0&#8243; _module_preset=&#8221;default&#8221; custom_padding=&#8221;7px||1px|||&#8221; global_colors_info=&#8221;{}&#8221;][et_pb_column type=&#8221;4_4&#8243; _builder_version=&#8221;4.21.0&#8243; _module_preset=&#8221;default&#8221; global_colors_info=&#8221;{}&#8221;][et_pb_text _builder_version=&#8221;4.23.1&#8243; _module_preset=&#8221;default&#8221; header_2_font=&#8221;||on||||||&#8221; header_2_font_size=&#8221;2.7rem&#8221; custom_margin=&#8221;||5px|||&#8221; header_2_font_size_tablet=&#8221;&#8221; header_2_font_size_phone=&#8221;2.2rem&#8221; header_2_font_size_last_edited=&#8221;on|desktop&#8221; global_colors_info=&#8221;{}&#8221;]<\/p>\n<h2 class=\"text-block__item-title js-scroll-to-target active\" id=\"Operation\">About facelift<\/h2>\n<div class=\"text-block__item-content entry-content\"><\/div>\n<div class=\"text-block__item-content entry-content\"><\/div>\n<p>[\/et_pb_text][et_pb_text _builder_version=&#8221;4.23.1&#8243; _module_preset=&#8221;default&#8221; text_font=&#8221;|300|||||||&#8221; text_font_size=&#8221;1.2rem&#8221; text_line_height=&#8221;1.8rem&#8221; custom_margin=&#8221;||-4px|||&#8221; text_font_size_tablet=&#8221;1.2rem&#8221; text_font_size_phone=&#8221;1rem&#8221; text_font_size_last_edited=&#8221;on|desktop&#8221; global_colors_info=&#8221;{}&#8221;]<\/p>\n<div class=\"text-block__item\">\n<div class=\"text-block__item-content entry-content\">\n<p style=\"font-weight: 400;\">Facelifts are usually conducted under general anesthesia, allowing you to be asleep and pain-free during the entire procedure. The placement of incisions varies depending on the specific technique employed, the amount of excess skin to be removed, the extent of muscle lifting, and the patient&#8217;s gender. <\/p>\n<p style=\"font-weight: 400;\">A traditional facelift involves lifting the underlying muscles and removing excess skin. The resulting scars are usually well-hidden, placed within the hairline, just above the ear, and following the natural contours of the ear. <\/p>\n<p style=\"font-weight: 400;\">At Victoriakliniken, we primarily utilize the &#8220;short scar facelift&#8221; or &#8220;S-lift&#8221; technique to minimize scarring. With this approach, the incision ends discreetly behind the ear, resulting in scars that are nearly invisible. Patients typically stay overnight and are able to return home the following day.   <\/p>\n<\/div>\n<\/div>\n<div class=\"text-block__item\"><\/div>\n<p>[\/et_pb_text][et_pb_divider show_divider=&#8221;off&#8221; _builder_version=&#8221;4.23.1&#8243; _module_preset=&#8221;default&#8221; global_colors_info=&#8221;{}&#8221;][\/et_pb_divider][et_pb_divider show_divider=&#8221;off&#8221; _builder_version=&#8221;4.23.1&#8243; _module_preset=&#8221;default&#8221; global_colors_info=&#8221;{}&#8221;][\/et_pb_divider][et_pb_divider show_divider=&#8221;off&#8221; _builder_version=&#8221;4.23.1&#8243; _module_preset=&#8221;default&#8221; global_colors_info=&#8221;{}&#8221;][\/et_pb_divider][\/et_pb_column][\/et_pb_row][et_pb_row custom_padding_last_edited=&#8221;on|phone&#8221; _builder_version=&#8221;4.23.1&#8243; _module_preset=&#8221;default&#8221; background_color=&#8221;#F5F3EF&#8221; custom_padding=&#8221;50px|50px|55px|50px|false|false&#8221; custom_padding_tablet=&#8221;50px|50px|55px|50px|false|false&#8221; custom_padding_phone=&#8221;50px|30px|55px|30px|false|false&#8221; box_shadow_style=&#8221;preset4&#8243; box_shadow_color=&#8221;#A66D53&#8243; global_colors_info=&#8221;{}&#8221;][et_pb_column type=&#8221;4_4&#8243; _builder_version=&#8221;4.23.1&#8243; _module_preset=&#8221;default&#8221; global_colors_info=&#8221;{}&#8221;][et_pb_text _builder_version=&#8221;4.23.1&#8243; _module_preset=&#8221;default&#8221; header_2_font=&#8221;||on||||||&#8221; header_2_font_size=&#8221;2.7rem&#8221; custom_margin=&#8221;||21px|||&#8221; header_2_font_size_tablet=&#8221;&#8221; header_2_font_size_phone=&#8221;2.2rem&#8221; header_2_font_size_last_edited=&#8221;on|desktop&#8221; global_colors_info=&#8221;{}&#8221;]<\/p>\n<h2 class=\"text-block__item-title js-scroll-to-target active\" id=\"Operation\">Snabbfakta om ansiktslyft<\/h2>\n<div class=\"text-block__item-content entry-content\"><\/div>\n<div class=\"text-block__item-content entry-content\"><\/div>\n<p>[\/et_pb_text][et_pb_text _builder_version=&#8221;4.23.1&#8243; _module_preset=&#8221;default&#8221; text_font=&#8221;|300|||||||&#8221; text_font_size=&#8221;1.2rem&#8221; text_line_height=&#8221;1.8rem&#8221; custom_margin=&#8221;||||false|false&#8221; custom_padding=&#8221;||||false|false&#8221; text_font_size_tablet=&#8221;1.2rem&#8221; text_font_size_phone=&#8221;1rem&#8221; text_font_size_last_edited=&#8221;on|desktop&#8221; global_colors_info=&#8221;{}&#8221;]<\/p>\n<p style=\"font-weight: 400;\">Operation time: 3 hours<\/p>\n<p style=\"font-weight: 400;\">Priice: fr 55 000 SEK<\/p>\n<p style=\"font-weight: 400;\">Stay at clinic: 1-2 days.<\/p>\n<p style=\"font-weight: 400;\">Back to work: After 1\u20132 weeks<\/p>\n<p>[\/et_pb_text][et_pb_button button_url=&#8221;#booking&#8221; button_text=&#8221;BOOK CONSULTATION&#8221; _builder_version=&#8221;4.27.4&#8243; _module_preset=&#8221;default&#8221; custom_button=&#8221;on&#8221; button_text_size=&#8221;1rem&#8221; button_text_color=&#8221;#000000&#8243; button_bg_color=&#8221;#E2DAC7&#8243; button_border_width=&#8221;0px&#8221; button_border_radius=&#8221;1px&#8221; button_font=&#8221;|300||on|||||&#8221; button_text_size_tablet=&#8221;&#8221; button_text_size_phone=&#8221;1rem&#8221; button_text_size_last_edited=&#8221;on|desktop&#8221; global_colors_info=&#8221;{}&#8221;][\/et_pb_button][\/et_pb_column][\/et_pb_row][\/et_pb_section][et_pb_section fb_built=&#8221;1&#8243; custom_padding_last_edited=&#8221;on|desktop&#8221; admin_label=&#8221;Section&#8221; _builder_version=&#8221;4.24.0&#8243; _module_preset=&#8221;default&#8221; background_enable_color=&#8221;off&#8221; background_image=&#8221;https:\/\/www.victoriakliniken.com\/wp-content\/uploads\/2024\/02\/Bakgrund_right.gif&#8221; background_position=&#8221;top_right&#8221; background_horizontal_offset=&#8221;0%&#8221; custom_margin=&#8221;78px|||||&#8221; custom_padding=&#8221;7rem||7rem||true|false&#8221; custom_padding_tablet=&#8221;5rem||0rem||false|false&#8221; custom_padding_phone=&#8221;3rem||3rem||true|false&#8221; background_color_phone=&#8221;#F5F3EF&#8221; background_last_edited=&#8221;on|tablet&#8221; background_enable_color_phone=&#8221;on&#8221; background_enable_image_tablet=&#8221;off&#8221; background_enable_image_phone=&#8221;off&#8221; background_size_tablet=&#8221;contain&#8221; background_horizontal_offset_tablet=&#8221;-36%&#8221; background_vertical_offset_tablet=&#8221;0%&#8221; da_disable_devices=&#8221;off|off|off&#8221; collapsed=&#8221;on&#8221; global_colors_info=&#8221;{}&#8221; da_is_popup=&#8221;off&#8221; da_exit_intent=&#8221;off&#8221; da_has_close=&#8221;on&#8221; da_alt_close=&#8221;off&#8221; da_dark_close=&#8221;off&#8221; da_not_modal=&#8221;on&#8221; da_is_singular=&#8221;off&#8221; da_with_loader=&#8221;off&#8221; da_has_shadow=&#8221;on&#8221;][et_pb_row column_structure=&#8221;2_5,3_5&#8243; _builder_version=&#8221;4.21.0&#8243; _module_preset=&#8221;default&#8221; custom_padding=&#8221;10px|||||&#8221; global_colors_info=&#8221;{}&#8221;][et_pb_column type=&#8221;2_5&#8243; _builder_version=&#8221;4.21.0&#8243; _module_preset=&#8221;default&#8221; global_colors_info=&#8221;{}&#8221;][et_pb_image src=&#8221;https:\/\/www.victoriakliniken.com\/wp-content\/uploads\/2025\/03\/Fore_operation_1.jpg&#8221; alt=&#8221;Before the surgery&#8221; title_text=&#8221;Before_the_surgery&#8221; disabled_on=&#8221;off|off|off&#8221; _builder_version=&#8221;4.27.4&#8243; _module_preset=&#8221;default&#8221; box_shadow_style=&#8221;preset2&#8243; box_shadow_horizontal=&#8221;14px&#8221; box_shadow_vertical=&#8221;14px&#8221; box_shadow_blur=&#8221;0px&#8221; box_shadow_color=&#8221;#E2DAC7&#8243; global_colors_info=&#8221;{}&#8221;][\/et_pb_image][\/et_pb_column][et_pb_column type=&#8221;3_5&#8243; _builder_version=&#8221;4.21.0&#8243; _module_preset=&#8221;default&#8221; global_colors_info=&#8221;{}&#8221;][et_pb_text _builder_version=&#8221;4.27.2&#8243; _module_preset=&#8221;default&#8221; header_2_font=&#8221;||on||||||&#8221; header_2_text_color=&#8221;#000000&#8243; header_2_font_size=&#8221;2.7rem&#8221; header_2_line_height=&#8221;1.2em&#8221; max_width=&#8221;100%&#8221; max_width_tablet=&#8221;100%&#8221; max_width_phone=&#8221;100%&#8221; max_width_last_edited=&#8221;on|desktop&#8221; custom_margin=&#8221;||11px|||&#8221; custom_padding=&#8221;40px||||false|false&#8221; custom_padding_tablet=&#8221;40px||||false|false&#8221; custom_padding_phone=&#8221;40px||||false|false&#8221; custom_padding_last_edited=&#8221;on|desktop&#8221; header_2_font_size_tablet=&#8221;&#8221; header_2_font_size_phone=&#8221;2.2rem&#8221; header_2_font_size_last_edited=&#8221;on|desktop&#8221; global_colors_info=&#8221;{}&#8221;]<\/p>\n<h3>Before the surgery<span><\/span><\/h3>\n<p>[\/et_pb_text][et_pb_text _builder_version=&#8221;4.27.2&#8243; _module_preset=&#8221;default&#8221; text_font=&#8221;|300|||||||&#8221; text_text_color=&#8221;#000000&#8243; text_font_size=&#8221;1.1rem&#8221; width_tablet=&#8221;&#8221; width_phone=&#8221;&#8221; width_last_edited=&#8221;on|desktop&#8221; max_width=&#8221;100%&#8221; text_font_size_tablet=&#8221;1.1rem&#8221; text_font_size_phone=&#8221;1rem&#8221; text_font_size_last_edited=&#8221;on|desktop&#8221; global_colors_info=&#8221;{}&#8221;]<\/p>\n<p style=\"font-weight: 400;\">For a facelift, we always begin by assessing your natural features and explaining the different techniques available to achieve the best possible result. The evaluation is based on your facial appearance, skin quality, the amount of excess skin, and how much lifting is needed\u2014and where.<\/p>\n<p> <\/p>\n<p style=\"font-weight: 400;\">We explain the different techniques and walk you through the procedure. Ibland beh\u00f6ver man komplettera lyftet med fettransplantation f\u00f6r att skapa mer volym. \u00c4ven andra ansiktsingrepp s\u00e5som pann- och midfacelyft och \u00f6gonplastik kan beh\u00f6va utf\u00f6ras f\u00f6r att uppn\u00e5 ett optimalt slutresultat. <\/p>\n<p>[\/et_pb_text][et_pb_button button_url=&#8221;#booking&#8221; button_text=&#8221;BOOK CONSULTATION&#8221; _builder_version=&#8221;4.27.4&#8243; _module_preset=&#8221;default&#8221; custom_button=&#8221;on&#8221; button_text_size=&#8221;1rem&#8221; button_text_color=&#8221;#000000&#8243; button_bg_color=&#8221;#E2DAC7&#8243; button_border_width=&#8221;0px&#8221; button_border_radius=&#8221;1px&#8221; button_font=&#8221;|300||on|||||&#8221; button_text_size_tablet=&#8221;&#8221; button_text_size_phone=&#8221;1rem&#8221; button_text_size_last_edited=&#8221;on|desktop&#8221; global_colors_info=&#8221;{}&#8221;][\/et_pb_button][\/et_pb_column][\/et_pb_row][\/et_pb_section][et_pb_section fb_built=&#8221;1&#8243; custom_padding_last_edited=&#8221;on|desktop&#8221; admin_label=&#8221;Section&#8221; _builder_version=&#8221;4.27.2&#8243; _module_preset=&#8221;default&#8221; background_enable_color=&#8221;off&#8221; background_image=&#8221;https:\/\/www.victoriakliniken.com\/wp-content\/uploads\/2024\/02\/Bakgrund_left.gif&#8221; background_position=&#8221;top_right&#8221; background_horizontal_offset=&#8221;0%&#8221; custom_margin=&#8221;78px|||||&#8221; custom_padding=&#8221;7rem||7rem||true|false&#8221; custom_padding_tablet=&#8221;5rem||0rem||false|false&#8221; custom_padding_phone=&#8221;3rem||3rem||true|false&#8221; background_color_phone=&#8221;#F5F3EF&#8221; background_last_edited=&#8221;on|tablet&#8221; background_enable_color_phone=&#8221;on&#8221; background_enable_image_tablet=&#8221;off&#8221; background_enable_image_phone=&#8221;off&#8221; background_size_tablet=&#8221;contain&#8221; background_horizontal_offset_tablet=&#8221;-36%&#8221; background_vertical_offset_tablet=&#8221;0%&#8221; da_disable_devices=&#8221;off|off|off&#8221; collapsed=&#8221;on&#8221; global_colors_info=&#8221;{}&#8221; da_is_popup=&#8221;off&#8221; da_exit_intent=&#8221;off&#8221; da_has_close=&#8221;on&#8221; da_alt_close=&#8221;off&#8221; da_dark_close=&#8221;off&#8221; da_not_modal=&#8221;on&#8221; da_is_singular=&#8221;off&#8221; da_with_loader=&#8221;off&#8221; da_has_shadow=&#8221;on&#8221;][et_pb_row column_structure=&#8221;3_5,2_5&#8243; _builder_version=&#8221;4.21.0&#8243; _module_preset=&#8221;default&#8221; custom_padding=&#8221;10px|||||&#8221; global_colors_info=&#8221;{}&#8221;][et_pb_column type=&#8221;3_5&#8243; _builder_version=&#8221;4.21.0&#8243; _module_preset=&#8221;default&#8221; global_colors_info=&#8221;{}&#8221;][et_pb_image src=&#8221;https:\/\/www.victoriakliniken.com\/wp-content\/uploads\/2025\/01\/Under-opeartion.jpg&#8221; alt=&#8221;During surgery&#8221; title_text=&#8221;During surgery&#8221; disabled_on=&#8221;off|off|on&#8221; _builder_version=&#8221;4.27.4&#8243; _module_preset=&#8221;default&#8221; box_shadow_style=&#8221;preset2&#8243; box_shadow_horizontal=&#8221;14px&#8221; box_shadow_vertical=&#8221;14px&#8221; box_shadow_blur=&#8221;0px&#8221; box_shadow_color=&#8221;#E2DAC7&#8243; global_colors_info=&#8221;{}&#8221;][\/et_pb_image][et_pb_text _builder_version=&#8221;4.27.2&#8243; _module_preset=&#8221;default&#8221; header_2_font=&#8221;||on||||||&#8221; header_2_text_color=&#8221;#000000&#8243; header_2_font_size=&#8221;2.7rem&#8221; header_2_line_height=&#8221;1.2em&#8221; max_width=&#8221;100%&#8221; max_width_tablet=&#8221;100%&#8221; max_width_phone=&#8221;100%&#8221; max_width_last_edited=&#8221;on|desktop&#8221; custom_margin=&#8221;||11px|||&#8221; custom_padding=&#8221;40px||||false|false&#8221; custom_padding_tablet=&#8221;40px||||false|false&#8221; custom_padding_phone=&#8221;40px||||false|false&#8221; custom_padding_last_edited=&#8221;on|desktop&#8221; header_2_font_size_tablet=&#8221;&#8221; header_2_font_size_phone=&#8221;2.2rem&#8221; header_2_font_size_last_edited=&#8221;on|desktop&#8221; global_colors_info=&#8221;{}&#8221;]<\/p>\n<h3>During surgery<\/h3>\n<h3><span><\/span><\/h3>\n<p>[\/et_pb_text][et_pb_text _builder_version=&#8221;4.27.2&#8243; _module_preset=&#8221;default&#8221; text_font=&#8221;|300|||||||&#8221; text_text_color=&#8221;#000000&#8243; text_font_size=&#8221;1.1rem&#8221; width_tablet=&#8221;&#8221; width_phone=&#8221;&#8221; width_last_edited=&#8221;on|desktop&#8221; max_width=&#8221;100%&#8221; text_font_size_tablet=&#8221;1.1rem&#8221; text_font_size_phone=&#8221;1rem&#8221; text_font_size_last_edited=&#8221;on|desktop&#8221; global_colors_info=&#8221;{}&#8221;]<\/p>\n<p style=\"font-weight: 400;\">You will be asleep and pain-free during the entire procedure, as the surgery is typically performed under general anesthesia. Patients usually stay overnight at the clinic for observation.<\/p>\n<p style=\"font-weight: 400;\">Smaller procedures can be performed using local anesthesia. You may experience some tightness and tenderness around the incisions for the first few days, but this discomfort is typically mild and can be relieved with standard pain medications. You will be given a prescription for pain relievers to take home.  <\/p>\n<p>[\/et_pb_text][et_pb_button button_url=&#8221;#booking&#8221; button_text=&#8221;BOOK CONSULTATION&#8221; _builder_version=&#8221;4.27.4&#8243; _module_preset=&#8221;default&#8221; custom_button=&#8221;on&#8221; button_text_size=&#8221;1rem&#8221; button_text_color=&#8221;#000000&#8243; button_bg_color=&#8221;#E2DAC7&#8243; button_border_width=&#8221;0px&#8221; button_border_radius=&#8221;1px&#8221; button_font=&#8221;|300||on|||||&#8221; button_text_size_tablet=&#8221;&#8221; button_text_size_phone=&#8221;1rem&#8221; button_text_size_last_edited=&#8221;on|desktop&#8221; global_colors_info=&#8221;{}&#8221;][\/et_pb_button][\/et_pb_column][et_pb_column type=&#8221;2_5&#8243; _builder_version=&#8221;4.27.2&#8243; _module_preset=&#8221;default&#8221; global_colors_info=&#8221;{}&#8221;][et_pb_image src=&#8221;https:\/\/www.victoriakliniken.com\/wp-content\/uploads\/2025\/01\/Under-opeartion.jpg&#8221; alt=&#8221;During surgery&#8221; title_text=&#8221;During surgery&#8221; disabled_on=&#8221;on|on|off&#8221; _builder_version=&#8221;4.27.4&#8243; _module_preset=&#8221;default&#8221; box_shadow_style=&#8221;preset2&#8243; box_shadow_horizontal=&#8221;14px&#8221; box_shadow_vertical=&#8221;14px&#8221; box_shadow_blur=&#8221;0px&#8221; box_shadow_color=&#8221;#E2DAC7&#8243; global_colors_info=&#8221;{}&#8221;][\/et_pb_image][\/et_pb_column][\/et_pb_row][\/et_pb_section][et_pb_section fb_built=&#8221;1&#8243; custom_padding_last_edited=&#8221;on|desktop&#8221; admin_label=&#8221;Section&#8221; _builder_version=&#8221;4.24.0&#8243; _module_preset=&#8221;default&#8221; background_enable_color=&#8221;off&#8221; background_image=&#8221;https:\/\/www.victoriakliniken.com\/wp-content\/uploads\/2024\/02\/Bakgrund_right.gif&#8221; background_position=&#8221;top_right&#8221; background_horizontal_offset=&#8221;0%&#8221; custom_margin=&#8221;78px|||||&#8221; custom_padding=&#8221;7rem||7rem||true|false&#8221; custom_padding_tablet=&#8221;5rem||0rem||false|false&#8221; custom_padding_phone=&#8221;3rem||3rem||true|false&#8221; background_color_phone=&#8221;#F5F3EF&#8221; background_last_edited=&#8221;on|tablet&#8221; background_enable_color_phone=&#8221;on&#8221; background_enable_image_tablet=&#8221;off&#8221; background_enable_image_phone=&#8221;off&#8221; background_size_tablet=&#8221;contain&#8221; background_horizontal_offset_tablet=&#8221;-36%&#8221; background_vertical_offset_tablet=&#8221;0%&#8221; da_disable_devices=&#8221;off|off|off&#8221; collapsed=&#8221;on&#8221; global_colors_info=&#8221;{}&#8221; da_is_popup=&#8221;off&#8221; da_exit_intent=&#8221;off&#8221; da_has_close=&#8221;on&#8221; da_alt_close=&#8221;off&#8221; da_dark_close=&#8221;off&#8221; da_not_modal=&#8221;on&#8221; da_is_singular=&#8221;off&#8221; da_with_loader=&#8221;off&#8221; da_has_shadow=&#8221;on&#8221;][et_pb_row column_structure=&#8221;2_5,3_5&#8243; _builder_version=&#8221;4.21.0&#8243; _module_preset=&#8221;default&#8221; custom_padding=&#8221;10px|||||&#8221; global_colors_info=&#8221;{}&#8221;][et_pb_column type=&#8221;2_5&#8243; _builder_version=&#8221;4.21.0&#8243; _module_preset=&#8221;default&#8221; global_colors_info=&#8221;{}&#8221;][et_pb_image src=&#8221;https:\/\/www.victoriakliniken.com\/wp-content\/uploads\/2025\/01\/Efter-operation.jpg&#8221; alt=&#8221;After operation&#8221; title_text=&#8221;After operation&#8221; _builder_version=&#8221;4.27.4&#8243; _module_preset=&#8221;default&#8221; box_shadow_style=&#8221;preset2&#8243; box_shadow_horizontal=&#8221;14px&#8221; box_shadow_vertical=&#8221;14px&#8221; box_shadow_blur=&#8221;0px&#8221; box_shadow_color=&#8221;#E2DAC7&#8243; global_colors_info=&#8221;{}&#8221;][\/et_pb_image][\/et_pb_column][et_pb_column type=&#8221;3_5&#8243; _builder_version=&#8221;4.21.0&#8243; _module_preset=&#8221;default&#8221; global_colors_info=&#8221;{}&#8221;][et_pb_text _builder_version=&#8221;4.27.2&#8243; _module_preset=&#8221;default&#8221; header_2_font=&#8221;||on||||||&#8221; header_2_text_color=&#8221;#000000&#8243; header_2_font_size=&#8221;2.7rem&#8221; header_2_line_height=&#8221;1.2em&#8221; max_width=&#8221;100%&#8221; max_width_tablet=&#8221;100%&#8221; max_width_phone=&#8221;100%&#8221; max_width_last_edited=&#8221;on|desktop&#8221; custom_margin=&#8221;||11px|||&#8221; custom_padding=&#8221;40px||||false|false&#8221; custom_padding_tablet=&#8221;40px||||false|false&#8221; custom_padding_phone=&#8221;40px||||false|false&#8221; custom_padding_last_edited=&#8221;on|desktop&#8221; header_2_font_size_tablet=&#8221;&#8221; header_2_font_size_phone=&#8221;2.2rem&#8221; header_2_font_size_last_edited=&#8221;on|desktop&#8221; global_colors_info=&#8221;{}&#8221;]<\/p>\n<h3>After operation<\/h3>\n<h3><span><\/span><\/h3>\n<p>[\/et_pb_text][et_pb_text _builder_version=&#8221;4.27.3&#8243; _module_preset=&#8221;default&#8221; text_font=&#8221;|300|||||||&#8221; text_text_color=&#8221;#000000&#8243; text_font_size=&#8221;1.1rem&#8221; width_tablet=&#8221;&#8221; width_phone=&#8221;&#8221; width_last_edited=&#8221;on|desktop&#8221; max_width=&#8221;100%&#8221; text_font_size_tablet=&#8221;1.1rem&#8221; text_font_size_phone=&#8221;1rem&#8221; text_font_size_last_edited=&#8221;on|desktop&#8221; global_colors_info=&#8221;{}&#8221;]<\/p>\n<p style=\"font-weight: 400;\">You will have follow-up appointments with your surgeon at the clinic approximately one and two weeks after your surgery. The scars from the procedure are typically very subtle and will gradually fade over time, leaving only fine white lines. <\/p>\n<p style=\"font-weight: 400;\">To enhance your recovery and minimize swelling, we will provide you with a compression mask to wear for the first three weeks following surgery.<\/p>\n<p>[\/et_pb_text][et_pb_button button_url=&#8221;#booking&#8221; button_text=&#8221;BOOK CONSULTATION&#8221; _builder_version=&#8221;4.27.4&#8243; _module_preset=&#8221;default&#8221; custom_button=&#8221;on&#8221; button_text_size=&#8221;1rem&#8221; button_text_color=&#8221;#000000&#8243; button_bg_color=&#8221;#E2DAC7&#8243; button_border_width=&#8221;0px&#8221; button_border_radius=&#8221;1px&#8221; button_font=&#8221;|300||on|||||&#8221; button_text_size_tablet=&#8221;&#8221; button_text_size_phone=&#8221;1rem&#8221; button_text_size_last_edited=&#8221;on|desktop&#8221; global_colors_info=&#8221;{}&#8221;][\/et_pb_button][\/et_pb_column][\/et_pb_row][\/et_pb_section][et_pb_section fb_built=&#8221;1&#8243; admin_label=&#8221;Section&#8221; _builder_version=&#8221;4.27.4&#8243; _module_preset=&#8221;default&#8221; custom_padding=&#8221;||0px|||&#8221; da_disable_devices=&#8221;off|off|off&#8221; global_colors_info=&#8221;{}&#8221; da_is_popup=&#8221;off&#8221; da_exit_intent=&#8221;off&#8221; da_has_close=&#8221;on&#8221; da_alt_close=&#8221;off&#8221; da_dark_close=&#8221;off&#8221; da_not_modal=&#8221;on&#8221; da_is_singular=&#8221;off&#8221; da_with_loader=&#8221;off&#8221; da_has_shadow=&#8221;on&#8221;][et_pb_row _builder_version=&#8221;4.27.4&#8243; _module_preset=&#8221;default&#8221; global_colors_info=&#8221;{}&#8221;][et_pb_column type=&#8221;4_4&#8243; _builder_version=&#8221;4.27.4&#8243; _module_preset=&#8221;default&#8221; global_colors_info=&#8221;{}&#8221;][et_pb_text _builder_version=&#8221;4.23.1&#8243; _module_preset=&#8221;default&#8221; header_2_font=&#8221;||on||||||&#8221; header_2_font_size=&#8221;2.7rem&#8221; custom_margin=&#8221;||2px|||&#8221; header_2_font_size_tablet=&#8221;&#8221; header_2_font_size_phone=&#8221;2.2rem&#8221; header_2_font_size_last_edited=&#8221;on|desktop&#8221; global_colors_info=&#8221;{}&#8221;]<\/p>\n<h2 class=\"text-block__item-title js-scroll-to-target active\" id=\"Operation\">Results<\/h2>\n<div class=\"text-block__item-content entry-content\"><\/div>\n<div class=\"text-block__item-content entry-content\"><\/div>\n<p>[\/et_pb_text][et_pb_text _builder_version=&#8221;4.23.1&#8243; _module_preset=&#8221;default&#8221; text_font=&#8221;|300|||||||&#8221; text_font_size=&#8221;1.2rem&#8221; text_line_height=&#8221;1.8rem&#8221; custom_margin=&#8221;||-4px|||&#8221; text_font_size_tablet=&#8221;1.2rem&#8221; text_font_size_phone=&#8221;1rem&#8221; text_font_size_last_edited=&#8221;on|desktop&#8221; global_colors_info=&#8221;{}&#8221;]<\/p>\n<div class=\"text-block__item\">\n<div class=\"text-block__item-content entry-content\">\n<p style=\"font-weight: 400;\">It may take some time for the final results to become fully visible. Swelling and a reduced sensation in the face are normal during the first three days. <\/p>\n<p style=\"font-weight: 400;\">Within three weeks, you should notice a significant reduction in swelling. The final outcome will be fully visible within three to six months. <\/p>\n<\/div>\n<\/div>\n<div class=\"text-block__item\"><\/div>\n<p>[\/et_pb_text][\/et_pb_column][\/et_pb_row][\/et_pb_section][et_pb_section fb_built=&#8221;1&#8243; disabled_on=&#8221;on|on|on&#8221; admin_label=&#8221;Section&#8221; _builder_version=&#8221;4.27.4&#8243; _module_preset=&#8221;default&#8221; custom_padding=&#8221;16px||3px|||&#8221; da_disable_devices=&#8221;off|off|off&#8221; disabled=&#8221;on&#8221; global_colors_info=&#8221;{}&#8221; da_is_popup=&#8221;off&#8221; da_exit_intent=&#8221;off&#8221; da_has_close=&#8221;on&#8221; da_alt_close=&#8221;off&#8221; da_dark_close=&#8221;off&#8221; da_not_modal=&#8221;on&#8221; da_is_singular=&#8221;off&#8221; da_with_loader=&#8221;off&#8221; da_has_shadow=&#8221;on&#8221;][et_pb_row _builder_version=&#8221;4.21.0&#8243; _module_preset=&#8221;default&#8221; global_colors_info=&#8221;{}&#8221;][et_pb_column type=&#8221;4_4&#8243; _builder_version=&#8221;4.21.0&#8243; _module_preset=&#8221;default&#8221; global_colors_info=&#8221;{}&#8221;][et_pb_text _builder_version=&#8221;4.21.0&#8243; _module_preset=&#8221;default&#8221; header_2_font=&#8221;||on||||||&#8221; header_2_font_size=&#8221;2.7rem&#8221; header_2_font_size_tablet=&#8221;&#8221; header_2_font_size_phone=&#8221;2.2rem&#8221; header_2_font_size_last_edited=&#8221;on|desktop&#8221; global_colors_info=&#8221;{}&#8221;]<\/p>\n<h2 class=\"text-block__item-title js-scroll-to-target active\" id=\"Operation\">Before and After Pictures<\/h2>\n<div class=\"text-block__item-content entry-content\"><\/div>\n<div class=\"text-block__item-content entry-content\"><\/div>\n<p>[\/et_pb_text][\/et_pb_column][\/et_pb_row][et_pb_row column_structure=&#8221;1_3,1_3,1_3&#8243; _builder_version=&#8221;4.27.4&#8243; _module_preset=&#8221;default&#8221; custom_padding=&#8221;0px||48px|||&#8221; global_colors_info=&#8221;{}&#8221;][et_pb_column type=&#8221;1_3&#8243; _builder_version=&#8221;4.21.0&#8243; _module_preset=&#8221;default&#8221; global_colors_info=&#8221;{}&#8221;][dsm_before_after_image before_src=&#8221;https:\/\/www.victoriakliniken.com\/wp-content\/uploads\/2023\/05\/53-ar-166-cm-50-kg-0-barn_1.jpeg&#8221; before_alt=&#8221;Before&#8221; before_title_text=&#8221;Before&#8221; after_src=&#8221;https:\/\/www.victoriakliniken.com\/wp-content\/uploads\/2023\/05\/53-ar-166-cm-50-kg-0-barn_2.jpeg&#8221; after_alt=&#8221;After&#8221; after_title_text=&#8221;After&#8221; before_label_text=&#8221;Before&#8221; after_label_text=&#8221;After&#8221; handle_arrow_color=&#8221;#FFFFFF&#8221; _builder_version=&#8221;4.27.4&#8243; _module_preset=&#8221;default&#8221; global_colors_info=&#8221;{}&#8221;][\/dsm_before_after_image][\/et_pb_column][et_pb_column type=&#8221;1_3&#8243; _builder_version=&#8221;4.21.0&#8243; _module_preset=&#8221;default&#8221; global_colors_info=&#8221;{}&#8221;][dsm_before_after_image before_src=&#8221;https:\/\/www.victoriakliniken.com\/wp-content\/uploads\/2023\/05\/47-ar-0-barn_2.jpeg&#8221; before_alt=&#8221;Before&#8221; before_title_text=&#8221;Before&#8221; after_src=&#8221;https:\/\/www.victoriakliniken.com\/wp-content\/uploads\/2023\/05\/47-ar-0-barn_1.jpeg&#8221; after_alt=&#8221;After&#8221; after_title_text=&#8221;After&#8221; before_label_text=&#8221;Before&#8221; after_label_text=&#8221;After&#8221; handle_arrow_color=&#8221;#FFFFFF&#8221; _builder_version=&#8221;4.27.4&#8243; _module_preset=&#8221;default&#8221; global_colors_info=&#8221;{}&#8221;][\/dsm_before_after_image][\/et_pb_column][et_pb_column type=&#8221;1_3&#8243; _builder_version=&#8221;4.21.0&#8243; _module_preset=&#8221;default&#8221; global_colors_info=&#8221;{}&#8221;][dsm_before_after_image before_src=&#8221;https:\/\/www.victoriakliniken.com\/wp-content\/uploads\/2023\/05\/46-ar-0-barn_1.jpg&#8221; before_alt=&#8221;Before&#8221; before_title_text=&#8221;Before&#8221; after_src=&#8221;https:\/\/www.victoriakliniken.com\/wp-content\/uploads\/2023\/05\/46-ar-0-barn_2.jpg&#8221; after_alt=&#8221;After&#8221; after_title_text=&#8221;After&#8221; before_label_text=&#8221;Before&#8221; after_label_text=&#8221;After&#8221; handle_arrow_color=&#8221;#FFFFFF&#8221; _builder_version=&#8221;4.27.4&#8243; _module_preset=&#8221;default&#8221; global_colors_info=&#8221;{}&#8221;][\/dsm_before_after_image][\/et_pb_column][\/et_pb_row][et_pb_row _builder_version=&#8221;4.21.0&#8243; _module_preset=&#8221;default&#8221; custom_padding=&#8221;2px|||||&#8221; global_colors_info=&#8221;{}&#8221;][et_pb_column type=&#8221;4_4&#8243; _builder_version=&#8221;4.21.0&#8243; _module_preset=&#8221;default&#8221; global_colors_info=&#8221;{}&#8221;][et_pb_button button_url=&#8221;https:\/\/www.victoriakliniken.com\/en\/before-and-after-pictures\/&#8221; button_text=&#8221;See more pictures&#8221; _builder_version=&#8221;4.23.1&#8243; _module_preset=&#8221;default&#8221; custom_button=&#8221;on&#8221; button_text_size=&#8221;1rem&#8221; button_text_color=&#8221;#000000&#8243; button_bg_color=&#8221;#E2DAC7&#8243; button_border_width=&#8221;0px&#8221; button_border_radius=&#8221;1px&#8221; button_font=&#8221;|300||on|||||&#8221; button_text_size_tablet=&#8221;&#8221; button_text_size_phone=&#8221;1rem&#8221; button_text_size_last_edited=&#8221;on|desktop&#8221; global_colors_info=&#8221;{}&#8221;][\/et_pb_button][\/et_pb_column][\/et_pb_row][\/et_pb_section][et_pb_section fb_built=&#8221;1&#8243; admin_label=&#8221;Section&#8221; _builder_version=&#8221;4.27.0&#8243; _module_preset=&#8221;default&#8221; custom_margin=&#8221;30px|||||&#8221; custom_padding=&#8221;52px|||||&#8221; da_disable_devices=&#8221;off|off|off&#8221; global_colors_info=&#8221;{}&#8221; da_is_popup=&#8221;off&#8221; da_exit_intent=&#8221;off&#8221; da_has_close=&#8221;on&#8221; da_alt_close=&#8221;off&#8221; da_dark_close=&#8221;off&#8221; da_not_modal=&#8221;on&#8221; da_is_singular=&#8221;off&#8221; da_with_loader=&#8221;off&#8221; da_has_shadow=&#8221;on&#8221;][et_pb_row column_structure=&#8221;3_5,2_5&#8243; _builder_version=&#8221;4.21.0&#8243; _module_preset=&#8221;default&#8221; custom_padding=&#8221;||4px|||&#8221; global_colors_info=&#8221;{}&#8221;][et_pb_column type=&#8221;3_5&#8243; _builder_version=&#8221;4.21.0&#8243; _module_preset=&#8221;default&#8221; global_colors_info=&#8221;{}&#8221;][et_pb_text _builder_version=&#8221;4.21.0&#8243; _module_preset=&#8221;default&#8221; header_2_font=&#8221;||on||||||&#8221; header_2_font_size=&#8221;2.7rem&#8221; custom_margin=&#8221;||-3px|||&#8221; custom_padding=&#8221;||14px|||&#8221; header_2_font_size_tablet=&#8221;&#8221; header_2_font_size_phone=&#8221;2.2rem&#8221; header_2_font_size_last_edited=&#8221;on|desktop&#8221; global_colors_info=&#8221;{}&#8221;]<\/p>\n<h2 class=\"accordion__title \">Fillers och Botox \u2013<\/h2>\n<h2 class=\"accordion__title \">Complete your facelift<\/h2>\n<p>[\/et_pb_text][et_pb_text _builder_version=&#8221;4.27.4&#8243; _module_preset=&#8221;default&#8221; text_font=&#8221;|300|||||||&#8221; text_font_size=&#8221;1.2rem&#8221; text_line_height=&#8221;1.8rem&#8221; min_height=&#8221;175.4px&#8221; custom_margin=&#8221;||-52px||false|false&#8221; custom_padding=&#8221;0px||1px|||&#8221; text_font_size_tablet=&#8221;1.2rem&#8221; text_font_size_phone=&#8221;1rem&#8221; text_font_size_last_edited=&#8221;on|desktop&#8221; global_colors_info=&#8221;{}&#8221;]<\/p>\n<p>Complement your facelift with fillers and Botox to optimize your results. These treatments help reduce fine lines and wrinkles, restore facial volume, and improve skin elasticity. Together, they create a comprehensive solution that enhances your facelift results, giving you a more youthful and balanced appearance.  <\/p>\n<p>&nbsp;<\/p>\n<p>&nbsp;<\/p>\n<p>[\/et_pb_text][et_pb_button button_url=&#8221;https:\/\/www.victoriakliniken.com\/en\/fillers\/&#8221; button_text=&#8221;Learn more about fillers&#8221; _builder_version=&#8221;4.27.0&#8243; _module_preset=&#8221;default&#8221; custom_button=&#8221;on&#8221; button_text_size=&#8221;1rem&#8221; button_text_color=&#8221;#383838&#8243; button_bg_color=&#8221;RGBA(255,255,255,0)&#8221; button_border_width=&#8221;1px&#8221; button_border_radius=&#8221;1px&#8221; button_font=&#8221;|300||on|||||&#8221; custom_margin=&#8221;|||0px|false|false&#8221; button_text_size_tablet=&#8221;&#8221; button_text_size_phone=&#8221;0.9rem&#8221; button_text_size_last_edited=&#8221;on|desktop&#8221; global_colors_info=&#8221;{}&#8221;][\/et_pb_button][et_pb_button button_url=&#8221;https:\/\/www.victoriakliniken.com\/en\/botox\/&#8221; button_text=&#8221;Learn more about fillers&#8221; _builder_version=&#8221;4.27.0&#8243; _module_preset=&#8221;default&#8221; custom_button=&#8221;on&#8221; button_text_size=&#8221;1rem&#8221; button_text_color=&#8221;#383838&#8243; button_bg_color=&#8221;RGBA(255,255,255,0)&#8221; button_border_width=&#8221;1px&#8221; button_border_radius=&#8221;1px&#8221; button_font=&#8221;|300||on|||||&#8221; custom_margin=&#8221;|||0px|false|false&#8221; button_text_size_tablet=&#8221;&#8221; button_text_size_phone=&#8221;0.9rem&#8221; button_text_size_last_edited=&#8221;on|desktop&#8221; global_colors_info=&#8221;{}&#8221;][\/et_pb_button][\/et_pb_column][et_pb_column type=&#8221;2_5&#8243; _builder_version=&#8221;4.21.0&#8243; _module_preset=&#8221;default&#8221; global_colors_info=&#8221;{}&#8221;][et_pb_image src=&#8221;https:\/\/www.victoriakliniken.com\/wp-content\/uploads\/2024\/11\/Jessica.jpg&#8221; title_text=&#8221;Jessica&#8221; _builder_version=&#8221;4.27.4&#8243; _module_preset=&#8221;default&#8221; box_shadow_style=&#8221;preset4&#8243; box_shadow_color=&#8221;#D3C4AD&#8221; global_colors_info=&#8221;{}&#8221;][\/et_pb_image][\/et_pb_column][\/et_pb_row][\/et_pb_section][et_pb_section fb_built=&#8221;1&#8243; custom_padding_last_edited=&#8221;on|desktop&#8221; admin_label=&#8221;Section&#8221; _builder_version=&#8221;4.23.1&#8243; _module_preset=&#8221;default&#8221; background_color=&#8221;#EAE7E0&#8243; custom_padding=&#8221;7rem||7rem||false|false&#8221; custom_padding_tablet=&#8221;5rem||5rem||false|false&#8221; custom_padding_phone=&#8221;3rem||3rem||false|false&#8221; da_disable_devices=&#8221;off|off|off&#8221; global_colors_info=&#8221;{}&#8221; da_is_popup=&#8221;off&#8221; da_exit_intent=&#8221;off&#8221; da_has_close=&#8221;on&#8221; da_alt_close=&#8221;off&#8221; da_dark_close=&#8221;off&#8221; da_not_modal=&#8221;on&#8221; da_is_singular=&#8221;off&#8221; da_with_loader=&#8221;off&#8221; da_has_shadow=&#8221;on&#8221;][et_pb_row _builder_version=&#8221;4.21.0&#8243; _module_preset=&#8221;default&#8221; custom_padding=&#8221;3px||9px|||&#8221; global_colors_info=&#8221;{}&#8221;][et_pb_column type=&#8221;4_4&#8243; _builder_version=&#8221;4.21.0&#8243; _module_preset=&#8221;default&#8221; global_colors_info=&#8221;{}&#8221;][et_pb_text _builder_version=&#8221;4.22.2&#8243; _module_preset=&#8221;default&#8221; header_2_font=&#8221;||on||||||&#8221; header_2_font_size=&#8221;2.7rem&#8221; header_4_font_size=&#8221;2.3rem&#8221; custom_margin=&#8221;||-3px|||&#8221; header_2_font_size_tablet=&#8221;&#8221; header_2_font_size_phone=&#8221;2.2rem&#8221; header_2_font_size_last_edited=&#8221;on|desktop&#8221; header_4_font_size_tablet=&#8221;2.3rem&#8221; header_4_font_size_phone=&#8221;2rem&#8221; header_4_font_size_last_edited=&#8221;on|desktop&#8221; global_colors_info=&#8221;{}&#8221;]<\/p>\n<h4 class=\"accordion__title \">Complications that can occur with a facelift<\/h4>\n<p>[\/et_pb_text][et_pb_accordion open_toggle_background_color=&#8221;RGBA(255,255,255,0)&#8221; closed_toggle_background_color=&#8221;RGBA(255,255,255,0)&#8221; toggle_icon=&#8221;&#x33;||divi||400&#8243; icon_color=&#8221;#A66D53&#8243; use_icon_font_size=&#8221;on&#8221; icon_font_size=&#8221;41px&#8221; icon_font_size_tablet=&#8221;41px&#8221; icon_font_size_phone=&#8221;33px&#8221; icon_font_size_last_edited=&#8221;on|desktop&#8221; _builder_version=&#8221;4.27.4&#8243; _module_preset=&#8221;default&#8221; toggle_font_size=&#8221;1.8rem&#8221; closed_toggle_font_size=&#8221;1.8rem&#8221; custom_margin=&#8221;0px||0px||false|false&#8221; custom_padding=&#8221;0px||0px||false|false&#8221; toggle_font_size_tablet=&#8221;1.8rem&#8221; toggle_font_size_phone=&#8221;1.6rem&#8221; toggle_font_size_last_edited=&#8221;on|desktop&#8221; closed_toggle_font_size_tablet=&#8221;1.8rem&#8221; closed_toggle_font_size_phone=&#8221;1.6rem&#8221; closed_toggle_font_size_last_edited=&#8221;on|desktop&#8221; border_width_all=&#8221;0px&#8221; border_width_bottom=&#8221;1px&#8221; global_colors_info=&#8221;{}&#8221;][et_pb_accordion_item title=&#8221;Reduced healing&#8221; open=&#8221;on&#8221; _builder_version=&#8221;4.27.4&#8243; _module_preset=&#8221;default&#8221; body_font=&#8221;|300|||||||&#8221; body_font_size=&#8221;1.1rem&#8221; custom_margin=&#8221;5px||0px||false|false&#8221; custom_padding=&#8221;1rem||1rem||true|false&#8221; custom_padding_tablet=&#8221;1rem||1rem||true|false&#8221; custom_padding_phone=&#8221;1rem||1rem||true|false&#8221; custom_padding_last_edited=&#8221;on|desktop&#8221; body_font_size_tablet=&#8221;1.1rem&#8221; body_font_size_phone=&#8221;1rem&#8221; body_font_size_last_edited=&#8221;on|desktop&#8221; global_colors_info=&#8221;{}&#8221; toggle_font_size=&#8221;1.8rem&#8221; closed_toggle_font_size=&#8221;1.5rem&#8221; toggle_font_size_tablet=&#8221;1.8rem&#8221; toggle_font_size_phone=&#8221;1.6rem&#8221; toggle_font_size_last_edited=&#8221;on|desktop&#8221; closed_toggle_font_size_tablet=&#8221;1.5rem&#8221; closed_toggle_font_size_phone=&#8221;1.3rem&#8221; closed_toggle_font_size_last_edited=&#8221;on|desktop&#8221;]<\/p>\n<p>In patients with reduced circulation, such as diabetics or smokers, and patients with atherosclerosis, there is a risk that small areas of skin around and behind the ears may not heal properly. In these cases, a black crust forms and falls off after a few weeks.  The wound heals but may leave an unsightly scar that might need correction.<\/p>\n<p>&nbsp;<\/p>\n<p>[\/et_pb_accordion_item][et_pb_accordion_item title=&#8221;Temporary nerve impairment&#8221; _builder_version=&#8221;4.27.4&#8243; _module_preset=&#8221;default&#8221; body_font=&#8221;|300|||||||&#8221; body_font_size=&#8221;1.1rem&#8221; custom_margin=&#8221;5px||0px||false|false&#8221; custom_padding=&#8221;1rem||1rem||true|false&#8221; custom_padding_tablet=&#8221;1rem||1rem||true|false&#8221; custom_padding_phone=&#8221;1rem||1rem||true|false&#8221; custom_padding_last_edited=&#8221;on|desktop&#8221; body_font_size_tablet=&#8221;1.1rem&#8221; body_font_size_phone=&#8221;1rem&#8221; body_font_size_last_edited=&#8221;on|desktop&#8221; global_colors_info=&#8221;{}&#8221; toggle_font_size=&#8221;1.8rem&#8221; closed_toggle_font_size=&#8221;1.5rem&#8221; toggle_font_size_tablet=&#8221;1.8rem&#8221; toggle_font_size_phone=&#8221;1.6rem&#8221; toggle_font_size_last_edited=&#8221;on|desktop&#8221; closed_toggle_font_size_tablet=&#8221;1.5rem&#8221; closed_toggle_font_size_phone=&#8221;1.3rem&#8221; closed_toggle_font_size_last_edited=&#8221;on|desktop&#8221; open=&#8221;off&#8221;]<\/p>\n<p>In rare cases, the nerves controlling facial muscle movements may be affected, likely due to swelling or tension on the nerves. If this happens, it is usually a temporary injury, and recovery typically occurs within 3\u20136 months. <\/p>\n<p>&nbsp;<\/p>\n<p>[\/et_pb_accordion_item][et_pb_accordion_item title=&#8221;Damage to the sensory nerve in the ear&#8221; _builder_version=&#8221;4.27.4&#8243; _module_preset=&#8221;default&#8221; body_font=&#8221;|300|||||||&#8221; body_font_size=&#8221;1.1rem&#8221; custom_margin=&#8221;5px||0px||false|false&#8221; custom_padding=&#8221;1rem||1rem||true|false&#8221; custom_padding_tablet=&#8221;1rem||1rem||true|false&#8221; custom_padding_phone=&#8221;1rem||1rem||true|false&#8221; custom_padding_last_edited=&#8221;on|desktop&#8221; body_font_size_tablet=&#8221;1.1rem&#8221; body_font_size_phone=&#8221;1rem&#8221; body_font_size_last_edited=&#8221;on|desktop&#8221; global_colors_info=&#8221;{}&#8221; toggle_font_size=&#8221;1.8rem&#8221; closed_toggle_font_size=&#8221;1.5rem&#8221; toggle_font_size_tablet=&#8221;1.8rem&#8221; toggle_font_size_phone=&#8221;1.6rem&#8221; toggle_font_size_last_edited=&#8221;on|desktop&#8221; closed_toggle_font_size_tablet=&#8221;1.5rem&#8221; closed_toggle_font_size_phone=&#8221;1.3rem&#8221; closed_toggle_font_size_last_edited=&#8221;on|desktop&#8221; open=&#8221;off&#8221;]<\/p>\n<p>&nbsp;<\/p>\n<p>The ear&#8217;s sensory nerve is also located in the surgical area. It is usually easy to see because it is large and is therefore rarely damaged. If damage occurs, the surgeon will repair it immediately, but it may lead to a small and temporary loss of sensation in the earlobe.  <\/p>\n<p>&nbsp;<\/p>\n<p>&nbsp;<\/p>\n<p>[\/et_pb_accordion_item][et_pb_accordion_item title=&#8221;Loss of sensation along the incisions&#8221; _builder_version=&#8221;4.27.4&#8243; _module_preset=&#8221;default&#8221; body_font=&#8221;|300|||||||&#8221; body_font_size=&#8221;1.1rem&#8221; custom_margin=&#8221;5px||0px||false|false&#8221; custom_padding=&#8221;1rem||1rem||true|false&#8221; custom_padding_tablet=&#8221;1rem||1rem||true|false&#8221; custom_padding_phone=&#8221;1rem||1rem||true|false&#8221; custom_padding_last_edited=&#8221;on|desktop&#8221; body_font_size_tablet=&#8221;1.1rem&#8221; body_font_size_phone=&#8221;1rem&#8221; body_font_size_last_edited=&#8221;on|desktop&#8221; global_colors_info=&#8221;{}&#8221; toggle_font_size=&#8221;1.8rem&#8221; closed_toggle_font_size=&#8221;1.5rem&#8221; toggle_font_size_tablet=&#8221;1.8rem&#8221; toggle_font_size_phone=&#8221;1.6rem&#8221; toggle_font_size_last_edited=&#8221;on|desktop&#8221; closed_toggle_font_size_tablet=&#8221;1.5rem&#8221; closed_toggle_font_size_phone=&#8221;1.3rem&#8221; closed_toggle_font_size_last_edited=&#8221;on|desktop&#8221; open=&#8221;off&#8221;]<\/p>\n<p>&nbsp;<\/p>\n<p>Loss of sensation along the incisions may occur immediately after the surgery. This is usually temporary but can, in rare cases, become permanent. <\/p>\n<p>&nbsp;<\/p>\n<p>&nbsp;<\/p>\n<p>[\/et_pb_accordion_item][et_pb_accordion_item title=&#8221;Increased scar activity&#8221; _builder_version=&#8221;4.27.4&#8243; _module_preset=&#8221;default&#8221; body_font=&#8221;|300|||||||&#8221; body_font_size=&#8221;1.1rem&#8221; custom_margin=&#8221;5px||0px||false|false&#8221; custom_padding=&#8221;1rem||1rem||true|false&#8221; custom_padding_tablet=&#8221;1rem||1rem||true|false&#8221; custom_padding_phone=&#8221;1rem||1rem||true|false&#8221; custom_padding_last_edited=&#8221;on|desktop&#8221; body_font_size_tablet=&#8221;1.1rem&#8221; body_font_size_phone=&#8221;1rem&#8221; body_font_size_last_edited=&#8221;on|desktop&#8221; global_colors_info=&#8221;{}&#8221; toggle_font_size=&#8221;1.8rem&#8221; closed_toggle_font_size=&#8221;1.5rem&#8221; toggle_font_size_tablet=&#8221;1.8rem&#8221; toggle_font_size_phone=&#8221;1.6rem&#8221; toggle_font_size_last_edited=&#8221;on|desktop&#8221; closed_toggle_font_size_tablet=&#8221;1.5rem&#8221; closed_toggle_font_size_phone=&#8221;1.3rem&#8221; closed_toggle_font_size_last_edited=&#8221;on|desktop&#8221; open=&#8221;off&#8221;]<\/p>\n<p>Increased scar activity is an uncommon complication. After six months, the scars are usually very difficult to see because the incisions are made in areas with hair or in natural folds. Sometimes, scars may widen. This is typically due to a combination of excessive tension on the skin, as well as a lack of skin elasticity and healing ability.   <\/p>\n<p>&nbsp;<\/p>\n<p>&nbsp;<\/p>\n<p>[\/et_pb_accordion_item][et_pb_accordion_item title=&#8221;Hair loss along the edges of the scar&#8221; _builder_version=&#8221;4.27.4&#8243; _module_preset=&#8221;default&#8221; body_font=&#8221;|300|||||||&#8221; body_font_size=&#8221;1.1rem&#8221; custom_margin=&#8221;5px||0px||false|false&#8221; custom_padding=&#8221;1rem||1rem||true|false&#8221; custom_padding_tablet=&#8221;1rem||1rem||true|false&#8221; custom_padding_phone=&#8221;1rem||1rem||true|false&#8221; custom_padding_last_edited=&#8221;on|desktop&#8221; body_font_size_tablet=&#8221;1.1rem&#8221; body_font_size_phone=&#8221;1rem&#8221; body_font_size_last_edited=&#8221;on|desktop&#8221; global_colors_info=&#8221;{}&#8221; toggle_font_size=&#8221;2.3rem&#8221; closed_toggle_font_size=&#8221;1.5rem&#8221; toggle_font_size_tablet=&#8221;1.8rem&#8221; toggle_font_size_phone=&#8221;1.6rem&#8221; toggle_font_size_last_edited=&#8221;on|desktop&#8221; closed_toggle_font_size_tablet=&#8221;1.5rem&#8221; closed_toggle_font_size_phone=&#8221;1.3rem&#8221; closed_toggle_font_size_last_edited=&#8221;on|desktop&#8221; open=&#8221;off&#8221;]<\/p>\n<p>&nbsp;<\/p>\n<p>In some patients, hair loss may occur along the edges of the scar. However, the hair typically grows back within six months. <\/p>\n<p>&nbsp;<\/p>\n<p>&nbsp;<\/p>\n<p>[\/et_pb_accordion_item][\/et_pb_accordion][\/et_pb_column][\/et_pb_row][\/et_pb_section][et_pb_section fb_built=&#8221;1&#8243; custom_padding_last_edited=&#8221;on|desktop&#8221; admin_label=&#8221;Section&#8221; _builder_version=&#8221;4.27.4&#8243; _module_preset=&#8221;default&#8221; background_color=&#8221;#F5F3EF&#8221; use_background_color_gradient=&#8221;on&#8221; background_color_gradient_direction=&#8221;90deg&#8221; background_color_gradient_stops=&#8221;#eae7e0 0%|#ffffff 48%|#eae7e0 99%&#8221; background_enable_image=&#8221;off&#8221; background_size=&#8221;contain&#8221; background_position=&#8221;top_right&#8221; background_horizontal_offset=&#8221;0%&#8221; custom_padding=&#8221;7rem||7rem||true|false&#8221; custom_padding_tablet=&#8221;5rem||5rem||true|false&#8221; custom_padding_phone=&#8221;3rem||3rem||true|false&#8221; background_last_edited=&#8221;on|tablet&#8221; background_image_tablet=&#8221;https:\/\/www.victoriakliniken.com\/wp-content\/uploads\/2023\/06\/Victoriakliniken_Intim.png&#8221; background_enable_image_tablet=&#8221;on&#8221; background_enable_image_phone=&#8221;off&#8221; background_size_tablet=&#8221;contain&#8221; background_horizontal_offset_tablet=&#8221;-19%&#8221; background_vertical_offset_tablet=&#8221;0%&#8221; da_disable_devices=&#8221;off|off|off&#8221; global_colors_info=&#8221;{}&#8221; da_is_popup=&#8221;off&#8221; da_exit_intent=&#8221;off&#8221; da_has_close=&#8221;on&#8221; da_alt_close=&#8221;off&#8221; da_dark_close=&#8221;off&#8221; da_not_modal=&#8221;on&#8221; da_is_singular=&#8221;off&#8221; da_with_loader=&#8221;off&#8221; da_has_shadow=&#8221;on&#8221;][et_pb_row column_structure=&#8221;3_5,2_5&#8243; _builder_version=&#8221;4.27.4&#8243; _module_preset=&#8221;default&#8221; custom_margin=&#8221;21px||||false|false&#8221; custom_padding=&#8221;10px|||||&#8221; global_colors_info=&#8221;{}&#8221;][et_pb_column type=&#8221;3_5&#8243; _builder_version=&#8221;4.21.0&#8243; _module_preset=&#8221;default&#8221; global_colors_info=&#8221;{}&#8221;][et_pb_text _builder_version=&#8221;4.22.2&#8243; _module_preset=&#8221;default&#8221; header_2_font=&#8221;||on||||||&#8221; header_2_font_size=&#8221;2.7rem&#8221; header_4_font_size=&#8221;2.3rem&#8221; custom_margin=&#8221;||-3px|||&#8221; header_2_font_size_tablet=&#8221;&#8221; header_2_font_size_phone=&#8221;2.2rem&#8221; header_2_font_size_last_edited=&#8221;on|desktop&#8221; header_4_font_size_tablet=&#8221;2.3rem&#8221; header_4_font_size_phone=&#8221;2rem&#8221; header_4_font_size_last_edited=&#8221;on|desktop&#8221; global_colors_info=&#8221;{}&#8221;]<\/p>\n<h4 class=\"accordion__title \">Satisfied Patients<\/h4>\n<p>[\/et_pb_text][et_pb_text _builder_version=&#8221;4.27.4&#8243; _module_preset=&#8221;default&#8221; text_font=&#8221;|300|||||||&#8221; text_text_color=&#8221;#0A0909&#8243; text_font_size=&#8221;1.3rem&#8221; text_line_height=&#8221;1.8rem&#8221; header_2_font=&#8221;||on||||||&#8221; header_2_text_color=&#8221;#383838&#8243; header_2_font_size=&#8221;2.7rem&#8221; header_2_line_height=&#8221;1.2em&#8221; header_4_text_color=&#8221;#EAE7E0&#8243; width=&#8221;100%&#8221; max_width=&#8221;100%&#8221; max_width_tablet=&#8221;78%&#8221; max_width_phone=&#8221;100%&#8221; max_width_last_edited=&#8221;on|desktop&#8221; custom_margin=&#8221;15px||28px||false|false&#8221; custom_margin_tablet=&#8221;52px||42px||false|false&#8221; custom_margin_phone=&#8221;0px||||false|false&#8221; custom_margin_last_edited=&#8221;on|phone&#8221; text_font_size_tablet=&#8221;&#8221; text_font_size_phone=&#8221;1.1rem&#8221; text_font_size_last_edited=&#8221;on|desktop&#8221; header_2_font_size_tablet=&#8221;&#8221; header_2_font_size_phone=&#8221;2.2rem&#8221; header_2_font_size_last_edited=&#8221;on|desktop&#8221; global_colors_info=&#8221;{}&#8221;]<\/p>\n<p>\u201cA professional and caring experience from the very first moment! I can warmly recommend Victoriakliniken. From advice and guidance to surgery, aftercare, and follow-up visits \u2013 every interaction has been of the highest standard. My breast surgery and facelift both exceeded my expectations!\u201d<\/p>\n<p>[\/et_pb_text][et_pb_button button_url=&#8221;https:\/\/www.reco.se\/victoriakliniken-saltsjobaden&#8221; button_text=&#8221;More reviews from Reco&#8221; _builder_version=&#8221;4.27.4&#8243; _module_preset=&#8221;default&#8221; custom_button=&#8221;on&#8221; button_text_size=&#8221;1rem&#8221; button_text_color=&#8221;#383838&#8243; button_bg_color=&#8221;RGBA(255,255,255,0)&#8221; button_border_width=&#8221;1px&#8221; button_border_radius=&#8221;1px&#8221; button_font=&#8221;|300||on|||||&#8221; custom_margin=&#8221;|||0px|false|false&#8221; button_text_size_tablet=&#8221;&#8221; button_text_size_phone=&#8221;0.9rem&#8221; button_text_size_last_edited=&#8221;on|desktop&#8221; global_colors_info=&#8221;{}&#8221;][\/et_pb_button][\/et_pb_column][et_pb_column type=&#8221;2_5&#8243; _builder_version=&#8221;4.21.0&#8243; _module_preset=&#8221;default&#8221; global_colors_info=&#8221;{}&#8221;][et_pb_image src=&#8221;https:\/\/www.victoriakliniken.com\/wp-content\/uploads\/2025\/06\/trust2025.svg&#8221; alt=&#8221;Victoriakliniken \u2013 Recommended Company 2025&#8243; title_text=&#8221;Victoriakliniken \u2013 Recommended Company 2025&#8243; _builder_version=&#8221;4.27.4&#8243; _module_preset=&#8221;default&#8221; width=&#8221;70%&#8221; width_tablet=&#8221;70%&#8221; width_phone=&#8221;70%&#8221; width_last_edited=&#8221;on|desktop&#8221; global_colors_info=&#8221;{}&#8221;][\/et_pb_image][\/et_pb_column][\/et_pb_row][\/et_pb_section][et_pb_section fb_built=&#8221;1&#8243; admin_label=&#8221;Section&#8221; _builder_version=&#8221;4.27.4&#8243; _module_preset=&#8221;default&#8221; da_disable_devices=&#8221;off|off|off&#8221; global_colors_info=&#8221;{}&#8221; da_is_popup=&#8221;off&#8221; da_exit_intent=&#8221;off&#8221; da_has_close=&#8221;on&#8221; da_alt_close=&#8221;off&#8221; da_dark_close=&#8221;off&#8221; da_not_modal=&#8221;on&#8221; da_is_singular=&#8221;off&#8221; da_with_loader=&#8221;off&#8221; da_has_shadow=&#8221;on&#8221;][et_pb_row _builder_version=&#8221;4.27.4&#8243; _module_preset=&#8221;default&#8221; global_colors_info=&#8221;{}&#8221;][et_pb_column type=&#8221;4_4&#8243; _builder_version=&#8221;4.27.4&#8243; _module_preset=&#8221;default&#8221; global_colors_info=&#8221;{}&#8221;][et_pb_accordion open_toggle_background_color=&#8221;RGBA(255,255,255,0)&#8221; closed_toggle_background_color=&#8221;RGBA(255,255,255,0)&#8221; toggle_icon=&#8221;&#x33;||divi||400&#8243; icon_color=&#8221;#A66D53&#8243; use_icon_font_size=&#8221;on&#8221; icon_font_size=&#8221;41px&#8221; icon_font_size_tablet=&#8221;41px&#8221; icon_font_size_phone=&#8221;33px&#8221; icon_font_size_last_edited=&#8221;on|desktop&#8221; _builder_version=&#8221;4.27.4&#8243; _module_preset=&#8221;default&#8221; toggle_font_size=&#8221;1.8rem&#8221; closed_toggle_font_size=&#8221;1.8rem&#8221; custom_margin=&#8221;0px||0px||false|false&#8221; custom_padding=&#8221;0px||0px||false|false&#8221; toggle_font_size_tablet=&#8221;1.8rem&#8221; toggle_font_size_phone=&#8221;1.6rem&#8221; toggle_font_size_last_edited=&#8221;on|desktop&#8221; closed_toggle_font_size_tablet=&#8221;1.8rem&#8221; closed_toggle_font_size_phone=&#8221;1.6rem&#8221; closed_toggle_font_size_last_edited=&#8221;on|desktop&#8221; border_width_all=&#8221;0px&#8221; border_width_bottom=&#8221;1px&#8221; saved_tabs=&#8221;all&#8221; global_colors_info=&#8221;{}&#8221;][et_pb_accordion_item title=&#8221;Frequently Asked Questions About Facelifts at Victoriakliniken&#8221; open=&#8221;on&#8221; _builder_version=&#8221;4.27.4&#8243; _module_preset=&#8221;default&#8221; body_font=&#8221;|300|||||||&#8221; body_font_size=&#8221;1.1rem&#8221; custom_margin=&#8221;5px||0px||false|false&#8221; custom_padding=&#8221;1rem||1rem||true|false&#8221; custom_padding_tablet=&#8221;1rem||1rem||true|false&#8221; custom_padding_phone=&#8221;1rem||1rem||true|false&#8221; custom_padding_last_edited=&#8221;on|desktop&#8221; body_font_size_tablet=&#8221;1.1rem&#8221; body_font_size_phone=&#8221;1rem&#8221; body_font_size_last_edited=&#8221;on|desktop&#8221; global_colors_info=&#8221;{}&#8221; toggle_font_size=&#8221;2.3rem&#8221; toggle_font_size_tablet=&#8221;2.3rem&#8221; toggle_font_size_phone=&#8221;2rem&#8221; toggle_font_size_last_edited=&#8221;on|desktop&#8221;][\/et_pb_accordion_item][et_pb_accordion_item title=&#8221;What Is a Facelift?&#8221; _builder_version=&#8221;4.27.4&#8243; _module_preset=&#8221;default&#8221; body_font=&#8221;|300|||||||&#8221; body_font_size=&#8221;1.1rem&#8221; custom_margin=&#8221;5px||0px||false|false&#8221; custom_padding=&#8221;1rem||1rem||true|false&#8221; custom_padding_tablet=&#8221;1rem||1rem||true|false&#8221; custom_padding_phone=&#8221;1rem||1rem||true|false&#8221; custom_padding_last_edited=&#8221;on|desktop&#8221; body_font_size_tablet=&#8221;1.1rem&#8221; body_font_size_phone=&#8221;1rem&#8221; body_font_size_last_edited=&#8221;on|desktop&#8221; global_colors_info=&#8221;{}&#8221; toggle_font_size=&#8221;1.8rem&#8221; closed_toggle_font_size=&#8221;1.5rem&#8221; toggle_font_size_tablet=&#8221;1.8rem&#8221; toggle_font_size_phone=&#8221;1.6rem&#8221; toggle_font_size_last_edited=&#8221;on|desktop&#8221; closed_toggle_font_size_tablet=&#8221;1.5rem&#8221; closed_toggle_font_size_phone=&#8221;1.3rem&#8221; closed_toggle_font_size_last_edited=&#8221;on|desktop&#8221; open=&#8221;off&#8221;]<\/p>\n<p>&nbsp;<\/p>\n<div>\n<p data-pm-slice=\"1 1 []\">A facelift, also known as rhytidectomy, is a surgical procedure that rejuvenates the face and neck by removing excess skin and tightening the underlying muscles. At Victoriakliniken, we specialize in facelifts and provide tailored solutions designed to achieve natural and long-lasting results. <\/p>\n<\/div>\n<p>[\/et_pb_accordion_item][et_pb_accordion_item title=&#8221;Who Is a Good Candidate for a Facelift?<br \/>A facelift is ideal for individuals who want to address visible signs of aging in the face and neck. It is suitable for:&#8221; _builder_version=&#8221;4.27.4&#8243; _module_preset=&#8221;default&#8221; body_font=&#8221;|300|||||||&#8221; body_font_size=&#8221;1.1rem&#8221; custom_margin=&#8221;5px||0px||false|false&#8221; custom_padding=&#8221;1rem||1rem||true|false&#8221; custom_padding_tablet=&#8221;1rem||1rem||true|false&#8221; custom_padding_phone=&#8221;1rem||1rem||true|false&#8221; custom_padding_last_edited=&#8221;on|desktop&#8221; body_font_size_tablet=&#8221;1.1rem&#8221; body_font_size_phone=&#8221;1rem&#8221; body_font_size_last_edited=&#8221;on|desktop&#8221; global_colors_info=&#8221;{}&#8221; toggle_font_size=&#8221;1.8rem&#8221; closed_toggle_font_size=&#8221;1.5rem&#8221; toggle_font_size_tablet=&#8221;1.8rem&#8221; toggle_font_size_phone=&#8221;1.6rem&#8221; toggle_font_size_last_edited=&#8221;on|desktop&#8221; closed_toggle_font_size_tablet=&#8221;1.5rem&#8221; closed_toggle_font_size_phone=&#8221;1.3rem&#8221; closed_toggle_font_size_last_edited=&#8221;on|desktop&#8221; open=&#8221;off&#8221;]<\/p>\n<p data-pm-slice=\"1 1 []\">A facelift is suitable for both women and men who want to address signs of aging in the face and neck, such as:<\/p>\n<ul class=\"ak-ul\">\n<li>\n<p>Loose skin on the face and neck<\/p>\n<\/li>\n<li>\n<p>Deep wrinkles and folds in the face<\/p>\n<\/li>\n<li>\n<p>Loss of volume and definition in the cheeks and jawline<\/p>\n<\/li>\n<\/ul>\n<p>Facelifts are typically performed on individuals between the ages of 40 and 65, but older patients can also achieve excellent results.<\/p>\n<p>[\/et_pb_accordion_item][et_pb_accordion_item title=&#8221;How Is a Facelift Performed at Victoriakliniken?&#8221; _builder_version=&#8221;4.27.4&#8243; _module_preset=&#8221;default&#8221; body_font=&#8221;|300|||||||&#8221; body_font_size=&#8221;1.1rem&#8221; custom_margin=&#8221;5px||0px||false|false&#8221; custom_padding=&#8221;1rem||1rem||true|false&#8221; custom_padding_tablet=&#8221;1rem||1rem||true|false&#8221; custom_padding_phone=&#8221;1rem||1rem||true|false&#8221; custom_padding_last_edited=&#8221;on|desktop&#8221; body_font_size_tablet=&#8221;1.1rem&#8221; body_font_size_phone=&#8221;1rem&#8221; body_font_size_last_edited=&#8221;on|desktop&#8221; global_colors_info=&#8221;{}&#8221; toggle_font_size=&#8221;1.8rem&#8221; closed_toggle_font_size=&#8221;1.5rem&#8221; toggle_font_size_tablet=&#8221;1.8rem&#8221; toggle_font_size_phone=&#8221;1.6rem&#8221; toggle_font_size_last_edited=&#8221;on|desktop&#8221; closed_toggle_font_size_tablet=&#8221;1.5rem&#8221; closed_toggle_font_size_phone=&#8221;1.3rem&#8221; closed_toggle_font_size_last_edited=&#8221;on|desktop&#8221; open=&#8221;off&#8221;]<\/p>\n<p>&nbsp;<\/p>\n<p data-pm-slice=\"1 1 []\">The procedure is performed under general anesthesia and typically takes about 3 hours. We often use the &#8220;short scar facelift&#8221; technique, which minimizes scarring. During the surgery, the facial musculature is lifted, and excess skin is removed. After the procedure, you will usually stay overnight at the clinic for observation to ensure a safe and comfortable recovery.   <\/p>\n<p>[\/et_pb_accordion_item][et_pb_accordion_item title=&#8221;How Long Is the Recovery Time After a Facelift?&#8221; _builder_version=&#8221;4.27.4&#8243; _module_preset=&#8221;default&#8221; body_font=&#8221;|300|||||||&#8221; body_font_size=&#8221;1.1rem&#8221; custom_margin=&#8221;5px||0px||false|false&#8221; custom_padding=&#8221;1rem||1rem||true|false&#8221; custom_padding_tablet=&#8221;1rem||1rem||true|false&#8221; custom_padding_phone=&#8221;1rem||1rem||true|false&#8221; custom_padding_last_edited=&#8221;on|desktop&#8221; body_font_size_tablet=&#8221;1.1rem&#8221; body_font_size_phone=&#8221;1rem&#8221; body_font_size_last_edited=&#8221;on|desktop&#8221; global_colors_info=&#8221;{}&#8221; toggle_font_size=&#8221;1.8rem&#8221; closed_toggle_font_size=&#8221;1.5rem&#8221; toggle_font_size_tablet=&#8221;1.8rem&#8221; toggle_font_size_phone=&#8221;1.6rem&#8221; toggle_font_size_last_edited=&#8221;on|desktop&#8221; closed_toggle_font_size_tablet=&#8221;1.5rem&#8221; closed_toggle_font_size_phone=&#8221;1.3rem&#8221; closed_toggle_font_size_last_edited=&#8221;on|desktop&#8221; open=&#8221;off&#8221;]<\/p>\n<p>&nbsp;<\/p>\n<div>\n<p data-pm-slice=\"1 1 []\">Most patients can return to light work tasks within 1\u20132 weeks. It is essential to avoid strenuous activities and wear a compression mask for three weeks after the procedure to reduce swelling and support healing. <\/p>\n<p>&nbsp;<\/p>\n<\/div>\n<p>[\/et_pb_accordion_item][et_pb_accordion_item title=&#8221;What Are the Risks of a Facelift?&#8221; _builder_version=&#8221;4.27.4&#8243; _module_preset=&#8221;default&#8221; body_font=&#8221;|300|||||||&#8221; body_font_size=&#8221;1.1rem&#8221; custom_margin=&#8221;5px||0px||false|false&#8221; custom_padding=&#8221;1rem||1rem||true|false&#8221; custom_padding_tablet=&#8221;1rem||1rem||true|false&#8221; custom_padding_phone=&#8221;1rem||1rem||true|false&#8221; custom_padding_last_edited=&#8221;on|desktop&#8221; body_font_size_tablet=&#8221;1.1rem&#8221; body_font_size_phone=&#8221;1rem&#8221; body_font_size_last_edited=&#8221;on|desktop&#8221; global_colors_info=&#8221;{}&#8221; toggle_font_size=&#8221;1.8rem&#8221; closed_toggle_font_size=&#8221;1.5rem&#8221; toggle_font_size_tablet=&#8221;1.8rem&#8221; toggle_font_size_phone=&#8221;1.6rem&#8221; toggle_font_size_last_edited=&#8221;on|desktop&#8221; closed_toggle_font_size_tablet=&#8221;1.5rem&#8221; closed_toggle_font_size_phone=&#8221;1.3rem&#8221; closed_toggle_font_size_last_edited=&#8221;on|desktop&#8221; open=&#8221;off&#8221;]<\/p>\n<p>&nbsp;<\/p>\n<div>\n<p data-pm-slice=\"1 3 []\">As with any surgical procedure, there are risks associated with a facelift, including:<\/p>\n<ul class=\"ak-ul\">\n<li>Loss of sensation<\/li>\n<li>Scarring<\/li>\n<li>Swelling<\/li>\n<li>Bleeding<\/li>\n<li>Infections<\/li>\n<\/ul>\n<p data-pm-slice=\"1 1 []\">At Victoriakliniken, we take every possible precaution to minimize these risks and ensure you achieve a safe and successful outcome.<\/p>\n<\/div>\n<p>[\/et_pb_accordion_item][et_pb_accordion_item title=&#8221;What Is the Cost of a Facelift at Victoriakliniken?&#8221; _builder_version=&#8221;4.27.4&#8243; _module_preset=&#8221;default&#8221; body_font=&#8221;|300|||||||&#8221; body_font_size=&#8221;1.1rem&#8221; custom_margin=&#8221;5px||0px||false|false&#8221; custom_padding=&#8221;1rem||1rem||true|false&#8221; custom_padding_tablet=&#8221;1rem||1rem||true|false&#8221; custom_padding_phone=&#8221;1rem||1rem||true|false&#8221; custom_padding_last_edited=&#8221;on|desktop&#8221; body_font_size_tablet=&#8221;1.1rem&#8221; body_font_size_phone=&#8221;1rem&#8221; body_font_size_last_edited=&#8221;on|desktop&#8221; global_colors_info=&#8221;{}&#8221; toggle_font_size=&#8221;1.8rem&#8221; closed_toggle_font_size=&#8221;1.5rem&#8221; toggle_font_size_tablet=&#8221;1.8rem&#8221; toggle_font_size_phone=&#8221;1.6rem&#8221; toggle_font_size_last_edited=&#8221;on|desktop&#8221; closed_toggle_font_size_tablet=&#8221;1.5rem&#8221; closed_toggle_font_size_phone=&#8221;1.3rem&#8221; closed_toggle_font_size_last_edited=&#8221;on|desktop&#8221; open=&#8221;off&#8221;]<\/p>\n<p>&nbsp;<\/p>\n<div>\n<p data-pm-slice=\"1 1 []\">The price of a facelift in Stockholm varies depending on the complexity of the procedure and your individual needs. During your consultation, we will discuss your goals and provide a personalized quote. Facelift prices start at 95,000 SEK.  <\/p>\n<\/div>\n<p>[\/et_pb_accordion_item][et_pb_accordion_item title=&#8221;What Is the Difference Between a Facelift and a Neck Lift?&#8221; _builder_version=&#8221;4.27.4&#8243; _module_preset=&#8221;default&#8221; body_font=&#8221;|300|||||||&#8221; body_font_size=&#8221;1.1rem&#8221; custom_margin=&#8221;5px||0px||false|false&#8221; custom_padding=&#8221;1rem||1rem||true|false&#8221; custom_padding_tablet=&#8221;1rem||1rem||true|false&#8221; custom_padding_phone=&#8221;1rem||1rem||true|false&#8221; custom_padding_last_edited=&#8221;on|desktop&#8221; body_font_size_tablet=&#8221;1.1rem&#8221; body_font_size_phone=&#8221;1rem&#8221; body_font_size_last_edited=&#8221;on|desktop&#8221; global_colors_info=&#8221;{}&#8221; toggle_font_size=&#8221;1.8rem&#8221; closed_toggle_font_size=&#8221;1.5rem&#8221; toggle_font_size_tablet=&#8221;1.8rem&#8221; toggle_font_size_phone=&#8221;1.6rem&#8221; toggle_font_size_last_edited=&#8221;on|desktop&#8221; closed_toggle_font_size_tablet=&#8221;1.5rem&#8221; closed_toggle_font_size_phone=&#8221;1.3rem&#8221; closed_toggle_font_size_last_edited=&#8221;on|desktop&#8221; open=&#8221;off&#8221;]<\/p>\n<p> <strong>A facelift <\/strong>(rhytidectomy) primarily focuses on tightening and rejuvenating the face by lifting the skin and underlying tissues, particularly in areas such as the cheeks, jawline, and around the mouth. The goal is to reduce wrinkles, enhance facial contours, and achieve a more youthful appearance. <\/p>\n<div>\n<p>A <strong>neck lift<\/strong> focuses specifically on the neck area. It tightens loose skin, removes excess fat under the chin, and improves the neck\u2019s contours. This procedure is particularly effective for addressing issues like a &#8220;turkey neck&#8221; or double chin, restoring a smoother and more defined appearance.  <\/p>\n<p>In many cases, a facelift and neck lift are combined to create a harmonious and natural result, as the face and neck age together and visually influence one another. During a consultation, we will help determine which procedure or combination of treatments best suits your needs. <\/p>\n<\/div>\n<p>[\/et_pb_accordion_item][et_pb_accordion_item title=&#8221;Are There Any Restrictions After the Surgery?&#8221; _builder_version=&#8221;4.27.4&#8243; _module_preset=&#8221;default&#8221; body_font=&#8221;|300|||||||&#8221; body_font_size=&#8221;1.1rem&#8221; custom_margin=&#8221;5px||0px||false|false&#8221; custom_padding=&#8221;1rem||1rem||true|false&#8221; custom_padding_tablet=&#8221;1rem||1rem||true|false&#8221; custom_padding_phone=&#8221;1rem||1rem||true|false&#8221; custom_padding_last_edited=&#8221;on|desktop&#8221; body_font_size_tablet=&#8221;1.1rem&#8221; body_font_size_phone=&#8221;1rem&#8221; body_font_size_last_edited=&#8221;on|desktop&#8221; global_colors_info=&#8221;{}&#8221; toggle_font_size=&#8221;1.8rem&#8221; closed_toggle_font_size=&#8221;1.5rem&#8221; toggle_font_size_tablet=&#8221;1.8rem&#8221; toggle_font_size_phone=&#8221;1.6rem&#8221; toggle_font_size_last_edited=&#8221;on|desktop&#8221; closed_toggle_font_size_tablet=&#8221;1.5rem&#8221; closed_toggle_font_size_phone=&#8221;1.3rem&#8221; closed_toggle_font_size_last_edited=&#8221;on|desktop&#8221; open=&#8221;off&#8221;]<\/p>\n<p>&nbsp;<\/p>\n<div>\n<p data-pm-slice=\"1 1 []\">Yes, there are certain restrictions after the surgery, such as avoiding strenuous activities, sun exposure, and smoking. We will provide you with detailed instructions on how to care for yourself during the recovery period to ensure optimal healing and results. <\/p>\n<\/div>\n<p>[\/et_pb_accordion_item][et_pb_accordion_item title=&#8221;What Results Can I Expect After a Facelift?&#8221; _builder_version=&#8221;4.27.4&#8243; _module_preset=&#8221;default&#8221; body_font=&#8221;|300|||||||&#8221; body_font_size=&#8221;1.1rem&#8221; custom_margin=&#8221;5px||0px||false|false&#8221; custom_padding=&#8221;1rem||1rem||true|false&#8221; custom_padding_tablet=&#8221;1rem||1rem||true|false&#8221; custom_padding_phone=&#8221;1rem||1rem||true|false&#8221; custom_padding_last_edited=&#8221;on|desktop&#8221; body_font_size_tablet=&#8221;1.1rem&#8221; body_font_size_phone=&#8221;1rem&#8221; body_font_size_last_edited=&#8221;on|desktop&#8221; global_colors_info=&#8221;{}&#8221; toggle_font_size=&#8221;1.8rem&#8221; closed_toggle_font_size=&#8221;1.5rem&#8221; toggle_font_size_tablet=&#8221;1.8rem&#8221; toggle_font_size_phone=&#8221;1.6rem&#8221; toggle_font_size_last_edited=&#8221;on|desktop&#8221; closed_toggle_font_size_tablet=&#8221;1.5rem&#8221; closed_toggle_font_size_phone=&#8221;1.3rem&#8221; closed_toggle_font_size_last_edited=&#8221;on|desktop&#8221; open=&#8221;off&#8221;]<\/p>\n<p>&nbsp;<\/p>\n<div>\n<p data-pm-slice=\"1 1 []\">You can expect a more youthful and defined facial contour, with fewer wrinkles and less loose skin. The final results are typically visible after 3\u20136 months, once all swelling has subsided. <\/p>\n<\/div>\n<p>[\/et_pb_accordion_item][et_pb_accordion_item title=&#8221;How Long Does a Facelift Last?&#8221; _builder_version=&#8221;4.27.4&#8243; _module_preset=&#8221;default&#8221; body_font=&#8221;|300|||||||&#8221; body_font_size=&#8221;1.1rem&#8221; custom_margin=&#8221;5px||0px||false|false&#8221; custom_padding=&#8221;1rem||1rem||true|false&#8221; custom_padding_tablet=&#8221;1rem||1rem||true|false&#8221; custom_padding_phone=&#8221;1rem||1rem||true|false&#8221; custom_padding_last_edited=&#8221;on|desktop&#8221; body_font_size_tablet=&#8221;1.1rem&#8221; body_font_size_phone=&#8221;1rem&#8221; body_font_size_last_edited=&#8221;on|desktop&#8221; global_colors_info=&#8221;{}&#8221; toggle_font_size=&#8221;1.8rem&#8221; closed_toggle_font_size=&#8221;1.5rem&#8221; toggle_font_size_tablet=&#8221;1.8rem&#8221; toggle_font_size_phone=&#8221;1.6rem&#8221; toggle_font_size_last_edited=&#8221;on|desktop&#8221; closed_toggle_font_size_tablet=&#8221;1.5rem&#8221; closed_toggle_font_size_phone=&#8221;1.3rem&#8221; closed_toggle_font_size_last_edited=&#8221;on|desktop&#8221; open=&#8221;off&#8221;]<\/p>\n<p>&nbsp;<\/p>\n<div>\n<p>The results of a facelift are long-lasting but are influenced by natural aging processes, lifestyle, and individual skin characteristics. Generally, a facelift can maintain its effects for 8 to 12 years before signs of aging become more noticeable again. To maximize and prolong the results, it is recommended to maintain a healthy lifestyle, use sun protection, and follow a regular skincare routine.  <\/p>\n<\/div>\n<p>[\/et_pb_accordion_item][et_pb_accordion_item title=&#8221;At What Age Is It Best to Get a Facelift?&#8221; _builder_version=&#8221;4.27.4&#8243; _module_preset=&#8221;default&#8221; body_font=&#8221;|300|||||||&#8221; body_font_size=&#8221;1.1rem&#8221; custom_margin=&#8221;5px||0px||false|false&#8221; custom_padding=&#8221;1rem||1rem||true|false&#8221; custom_padding_tablet=&#8221;1rem||1rem||true|false&#8221; custom_padding_phone=&#8221;1rem||1rem||true|false&#8221; custom_padding_last_edited=&#8221;on|desktop&#8221; body_font_size_tablet=&#8221;1.1rem&#8221; body_font_size_phone=&#8221;1rem&#8221; body_font_size_last_edited=&#8221;on|desktop&#8221; global_colors_info=&#8221;{}&#8221; toggle_font_size=&#8221;1.8rem&#8221; closed_toggle_font_size=&#8221;1.5rem&#8221; toggle_font_size_tablet=&#8221;1.8rem&#8221; toggle_font_size_phone=&#8221;1.6rem&#8221; toggle_font_size_last_edited=&#8221;on|desktop&#8221; closed_toggle_font_size_tablet=&#8221;1.5rem&#8221; closed_toggle_font_size_phone=&#8221;1.3rem&#8221; closed_toggle_font_size_last_edited=&#8221;on|desktop&#8221; open=&#8221;off&#8221;]<\/p>\n<p>&nbsp;<\/p>\n<div>\n<p>There is no specific age that is best for a facelift, as the need varies depending on an individual\u2019s skin quality, aging process, and personal goals. Many people who consider a facelift are between the ages of 40 and 60, but the procedure can also be suitable for younger or older individuals, depending on their unique circumstances. <\/p>\n<p>A consultation with an experienced plastic surgeon can help determine if and when a facelift is the right choice for you. We tailor the treatment to your unique needs and goals to achieve a natural and long-lasting result. <\/p>\n<\/div>\n<p>[\/et_pb_accordion_item][et_pb_accordion_item title=&#8221;Which Clinic Is Best for Facelifts?&#8221; _builder_version=&#8221;4.27.4&#8243; _module_preset=&#8221;default&#8221; body_font=&#8221;|300|||||||&#8221; body_font_size=&#8221;1.1rem&#8221; custom_margin=&#8221;5px||0px||false|false&#8221; custom_padding=&#8221;1rem||1rem||true|false&#8221; custom_padding_tablet=&#8221;1rem||1rem||true|false&#8221; custom_padding_phone=&#8221;1rem||1rem||true|false&#8221; custom_padding_last_edited=&#8221;on|desktop&#8221; body_font_size_tablet=&#8221;1.1rem&#8221; body_font_size_phone=&#8221;1rem&#8221; body_font_size_last_edited=&#8221;on|desktop&#8221; global_colors_info=&#8221;{}&#8221; toggle_font_size=&#8221;1.8rem&#8221; closed_toggle_font_size=&#8221;1.5rem&#8221; toggle_font_size_tablet=&#8221;1.8rem&#8221; toggle_font_size_phone=&#8221;1.6rem&#8221; toggle_font_size_last_edited=&#8221;on|desktop&#8221; closed_toggle_font_size_tablet=&#8221;1.5rem&#8221; closed_toggle_font_size_phone=&#8221;1.3rem&#8221; closed_toggle_font_size_last_edited=&#8221;on|desktop&#8221; open=&#8221;off&#8221;]<\/p>\n<p>&nbsp;<\/p>\n<div>\n<p data-pm-slice=\"1 1 []\">Victoriakliniken is internationally recognized for its expertise in plastic surgery, including facelifts. With a team of highly skilled and experienced surgeons, we utilize advanced techniques and provide customized treatments to achieve natural and harmonious results. Our commitment is to deliver the highest standards of safety, comfort, and aesthetic perfection for our patients.  <\/p>\n<\/div>\n<p>[\/et_pb_accordion_item][\/et_pb_accordion][\/et_pb_column][\/et_pb_row][\/et_pb_section][et_pb_section fb_built=&#8221;1&#8243; custom_padding_last_edited=&#8221;on|desktop&#8221; admin_label=&#8221;Section&#8221; _builder_version=&#8221;4.21.0&#8243; _module_preset=&#8221;default&#8221; custom_padding=&#8221;0rem||7rem||false|false&#8221; custom_padding_tablet=&#8221;5rem||5rem||false|false&#8221; custom_padding_phone=&#8221;3rem||3rem||false|false&#8221; da_disable_devices=&#8221;off|off|off&#8221; global_colors_info=&#8221;{}&#8221; da_is_popup=&#8221;off&#8221; da_exit_intent=&#8221;off&#8221; da_has_close=&#8221;on&#8221; da_alt_close=&#8221;off&#8221; da_dark_close=&#8221;off&#8221; da_not_modal=&#8221;on&#8221; da_is_singular=&#8221;off&#8221; da_with_loader=&#8221;off&#8221; da_has_shadow=&#8221;on&#8221;][et_pb_row _builder_version=&#8221;4.21.0&#8243; _module_preset=&#8221;default&#8221; global_colors_info=&#8221;{}&#8221;][et_pb_column type=&#8221;4_4&#8243; _builder_version=&#8221;4.21.0&#8243; _module_preset=&#8221;default&#8221; global_colors_info=&#8221;{}&#8221;][et_pb_text _builder_version=&#8221;4.21.0&#8243; _module_preset=&#8221;default&#8221; header_2_font=&#8221;||on||||||&#8221; header_2_font_size=&#8221;2.7rem&#8221; custom_margin=&#8221;||-3px|||&#8221; custom_padding=&#8221;||5px|||&#8221; header_2_font_size_tablet=&#8221;&#8221; header_2_font_size_phone=&#8221;2.2rem&#8221; header_2_font_size_last_edited=&#8221;on|desktop&#8221; global_colors_info=&#8221;{}&#8221;]<\/p>\n<h2 class=\"accordion__title \">Price<\/h2>\n<p>[\/et_pb_text][et_pb_text _builder_version=&#8221;4.21.0&#8243; _module_preset=&#8221;default&#8221; text_font=&#8221;|300|||||||&#8221; text_font_size=&#8221;1.2rem&#8221; text_line_height=&#8221;1.8rem&#8221; custom_margin=&#8221;||41px|||&#8221; text_font_size_tablet=&#8221;1.2rem&#8221; text_font_size_phone=&#8221;1rem&#8221; text_font_size_last_edited=&#8221;on|desktop&#8221; global_colors_info=&#8221;{}&#8221;]<\/p>\n<p>We have chosen not to have a fixed price list, as each patient is unique with individual needs. In most cases, it\u2019s only during the consultation that we can determine, together with you, which procedure(s) will be best to achieve a beautiful final result.  With us, in addition to the surgery cost, anesthesia, medications, follow-up visits, compression garments, and bras are included, as well as, in most cases, at least one overnight stay after the surgery.<\/p>\n<p>In general, all prices are shown including VAT, as all procedures and treatments, except those performed for medical reasons, have been subject to VAT since the turn of the year 2014\/2015. In cases where the price is listed excluding VAT, it is because these procedures are always performed on a medical basis.  (Prices below include VAT)<\/p>\n<p>[\/et_pb_text][dsm_pricelist item_bottom_gap=&#8221;0px&#8221; separator_weight=&#8221;1px&#8221; separator_color=&#8221;#383838&#8243; price_background_color=&#8221;RGBA(255,255,255,0)&#8221; _builder_version=&#8221;4.21.0&#8243; _module_preset=&#8221;default&#8221; header_font=&#8221;|300|||||||&#8221; header_font_size=&#8221;1.3rem&#8221; price_font=&#8221;|300|||||||&#8221; price_text_color=&#8221;#383838&#8243; price_font_size=&#8221;1.3rem&#8221; custom_margin=&#8221;0px||0px||false|false&#8221; custom_padding=&#8221;0px||0px||false|false&#8221; header_font_size_tablet=&#8221;1.3rem&#8221; header_font_size_phone=&#8221;1.1rem&#8221; header_font_size_last_edited=&#8221;on|desktop&#8221; price_font_size_tablet=&#8221;1.3rem&#8221; price_font_size_phone=&#8221;1.1rem&#8221; price_font_size_last_edited=&#8221;on|desktop&#8221; global_colors_info=&#8221;{}&#8221;][dsm_pricelist_child price=&#8221;from 195 000 kr&#8221; title=&#8221;Comprehensive facial rejuvenation (including endoscopic brow lift, midface lift, and facelift)&#8221; _builder_version=&#8221;4.21.0&#8243; _module_preset=&#8221;default&#8221; global_colors_info=&#8221;{}&#8221;][\/dsm_pricelist_child][dsm_pricelist_child price=&#8221;from 55 000 kr&#8221; title=&#8221;Midface&#8221; _builder_version=&#8221;4.21.0&#8243; _module_preset=&#8221;default&#8221; global_colors_info=&#8221;{}&#8221;][\/dsm_pricelist_child][dsm_pricelist_child price=&#8221;from 120 000 kr&#8221; title=&#8221;Lower face and neck&#8221; _builder_version=&#8221;4.21.0&#8243; _module_preset=&#8221;default&#8221; global_colors_info=&#8221;{}&#8221;][\/dsm_pricelist_child][\/dsm_pricelist][et_pb_button button_url=&#8221;https:\/\/www.victoriakliniken.com\/en\/what-is-included\/&#8221; button_text=&#8221;Read more about what&apos;s included&#8221; _builder_version=&#8221;4.21.0&#8243; _module_preset=&#8221;default&#8221; custom_button=&#8221;on&#8221; button_text_size=&#8221;1rem&#8221; button_text_color=&#8221;#383838&#8243; button_bg_color=&#8221;RGBA(255,255,255,0)&#8221; button_border_width=&#8221;1px&#8221; button_border_radius=&#8221;1px&#8221; button_font=&#8221;|300||on|||||&#8221; custom_margin=&#8221;|||0px|false|false&#8221; button_text_size_tablet=&#8221;&#8221; button_text_size_phone=&#8221;1rem&#8221; button_text_size_last_edited=&#8221;on|desktop&#8221; global_colors_info=&#8221;{}&#8221;][\/et_pb_button][et_pb_icon font_icon=&#8221;&#x3c;||divi||400&#8243; icon_width=&#8221;28px&#8221; url=&#8221;https:\/\/www.victoriakliniken.com\/en\/treatments\/&#8221; align=&#8221;left&#8221; _builder_version=&#8221;4.21.0&#8243; _module_preset=&#8221;default&#8221; custom_padding=&#8221;0rem||||false|false&#8221; custom_padding_tablet=&#8221;&#8221; custom_padding_phone=&#8221;&#8221; custom_padding_last_edited=&#8221;on|desktop&#8221; global_colors_info=&#8221;{}&#8221;][\/et_pb_icon][\/et_pb_column][\/et_pb_row][\/et_pb_section][et_pb_section fb_built=&#8221;1&#8243; custom_padding_last_edited=&#8221;on|desktop&#8221; admin_label=&#8221;Section&#8221; module_id=&#8221;booking&#8221; _builder_version=&#8221;4.27.4&#8243; _module_preset=&#8221;default&#8221; custom_padding=&#8221;3rem||0rem||false|false&#8221; custom_padding_tablet=&#8221;5rem||5rem||false|false&#8221; custom_padding_phone=&#8221;3rem||3rem||false|false&#8221; da_popup_slug=&#8221;booking&#8221; da_disable_devices=&#8221;off|off|off&#8221; locked=&#8221;off&#8221; global_colors_info=&#8221;{}&#8221; da_is_popup=&#8221;off&#8221; da_exit_intent=&#8221;off&#8221; da_has_close=&#8221;on&#8221; da_alt_close=&#8221;off&#8221; da_dark_close=&#8221;off&#8221; da_not_modal=&#8221;on&#8221; da_is_singular=&#8221;off&#8221; da_with_loader=&#8221;off&#8221; da_has_shadow=&#8221;on&#8221;][et_pb_row _builder_version=&#8221;4.21.0&#8243; _module_preset=&#8221;default&#8221; custom_padding=&#8221;7px||1px|||&#8221; global_colors_info=&#8221;{}&#8221;][et_pb_column type=&#8221;4_4&#8243; _builder_version=&#8221;4.21.0&#8243; _module_preset=&#8221;default&#8221; global_colors_info=&#8221;{}&#8221;][et_pb_text _builder_version=&#8221;4.21.0&#8243; _module_preset=&#8221;default&#8221; header_2_font=&#8221;||on||||||&#8221; header_2_font_size=&#8221;2.7rem&#8221; custom_margin=&#8221;||11px|||&#8221; header_2_font_size_tablet=&#8221;&#8221; header_2_font_size_phone=&#8221;2.2rem&#8221; header_2_font_size_last_edited=&#8221;on|desktop&#8221; global_colors_info=&#8221;{}&#8221;]<\/p>\n<h2 class=\"accordion__title \">Book an Appointment with Us<\/h2>\n<div class=\"text-block__item-content entry-content\"><\/div>\n<div class=\"text-block__item-content entry-content\"><\/div>\n<p>[\/et_pb_text][\/et_pb_column][\/et_pb_row][et_pb_row _builder_version=&#8221;4.21.0&#8243; _module_preset=&#8221;default&#8221; custom_padding=&#8221;3px|||||&#8221; global_colors_info=&#8221;{}&#8221;][et_pb_column type=&#8221;4_4&#8243; _builder_version=&#8221;4.21.0&#8243; _module_preset=&#8221;default&#8221; global_colors_info=&#8221;{}&#8221;][et_pb_text _builder_version=&#8221;4.21.0&#8243; _module_preset=&#8221;default&#8221; header_2_font=&#8221;||on||||||&#8221; header_2_font_size=&#8221;2.7rem&#8221; custom_margin=&#8221;||-3px|||&#8221; custom_padding=&#8221;||30px|||&#8221; header_2_font_size_tablet=&#8221;&#8221; header_2_font_size_phone=&#8221;2.2rem&#8221; header_2_font_size_last_edited=&#8221;on|desktop&#8221; locked=&#8221;off&#8221; global_colors_info=&#8221;{}&#8221;][\/et_pb_text][et_pb_code _builder_version=&#8221;4.27.4&#8243; _module_preset=&#8221;default&#8221; global_colors_info=&#8221;{}&#8221;]<!-- Always render a working base src so the widget shows even with no params --><!-- [et_pb_line_break_holder] --><iframe class=\"booking-widget\" id=\"ad-booking-widget\" src=\"https:\/\/booking.adoreal.com\/?organization=victoriakliniken&amp;lang=sv&amp;serviceId=763\" data-cookieconsent=\"ignore\" style=\"width:100%;height:100vh;\"><\/iframe><!-- [et_pb_line_break_holder] --><!-- [et_pb_line_break_holder] --><!-- [et_pb_line_break_holder] -->[\/et_pb_code][\/et_pb_column][\/et_pb_row][\/et_pb_section]<\/p>\n","protected":false},"excerpt":{"rendered":"<p>FaceliftA facelift restores a younger, more defined neck and jawline. The procedure has become common for both men and women, with most patients aged 40 to 65. However, facelifts can also be performed on older individuals with excellent results. All surgical procedures carry some degree of risk. Results are individual and may vary from person to person. During your consultation, you\u2019ll receive comprehensive information about the treatment, including any potential risks. Learn more.About facelift Facelifts are usually conducted under general anesthesia, allowing you to be asleep and pain-free during the entire procedure. The placement of incisions varies depending on the specific technique employed, the amount of excess skin to be removed, the extent of muscle lifting, and the patient&#8217;s gender. A traditional facelift involves lifting the underlying muscles and removing excess skin. The resulting scars are usually well-hidden, placed within the hairline, just above the ear, and following the natural contours of the ear. At Victoriakliniken, we primarily utilize the &#8220;short scar facelift&#8221; or &#8220;S-lift&#8221; technique to minimize scarring. With this approach, the incision ends discreetly behind the ear, resulting in scars that are nearly invisible. Patients typically stay overnight and are able to return home the following day. Snabbfakta [&hellip;]<\/p>\n","protected":false},"author":1,"featured_media":0,"parent":0,"menu_order":0,"comment_status":"closed","ping_status":"closed","template":"","meta":{"_acf_changed":false,"_et_pb_use_builder":"on","_et_pb_old_content":"","_et_gb_content_width":"","footnotes":""},"class_list":["post-8402","page","type-page","status-publish","hentry"],"acf":[],"aioseo_notices":[],"_links":{"self":[{"href":"https:\/\/www.victoriakliniken.com\/en\/wp-json\/wp\/v2\/pages\/8402","targetHints":{"allow":["GET"]}}],"collection":[{"href":"https:\/\/www.victoriakliniken.com\/en\/wp-json\/wp\/v2\/pages"}],"about":[{"href":"https:\/\/www.victoriakliniken.com\/en\/wp-json\/wp\/v2\/types\/page"}],"author":[{"embeddable":true,"href":"https:\/\/www.victoriakliniken.com\/en\/wp-json\/wp\/v2\/users\/1"}],"replies":[{"embeddable":true,"href":"https:\/\/www.victoriakliniken.com\/en\/wp-json\/wp\/v2\/comments?post=8402"}],"version-history":[{"count":0,"href":"https:\/\/www.victoriakliniken.com\/en\/wp-json\/wp\/v2\/pages\/8402\/revisions"}],"wp:attachment":[{"href":"https:\/\/www.victoriakliniken.com\/en\/wp-json\/wp\/v2\/media?parent=8402"}],"curies":[{"name":"wp","href":"https:\/\/api.w.org\/{rel}","templated":true}]}}